{"id":4981,"date":"2020-09-24T14:59:06","date_gmt":"2020-09-24T12:59:06","guid":{"rendered":"http:\/\/lacooperativechoregraphique.org\/?page_id=4981"},"modified":"2020-09-28T22:18:51","modified_gmt":"2020-09-28T20:18:51","slug":"edition-1","status":"publish","type":"page","link":"https:\/\/lacooperativechoregraphique.org\/index.php\/edition-1\/","title":{"rendered":"EDITION #1"},"content":{"rendered":"\n<h2 class=\"has-text-align-center wp-block-heading\">\u00c9DITION # 1<\/h2>\n\n\n\n<p class=\"has-text-align-center\">Vous avez \u00e9t\u00e9 tr\u00e8s nombreux \u00e0 venir pour cette premi\u00e8re \u00e9dition, merci \u00e0 vous! Merci aux artistes qui ont accept\u00e9 d&rsquo;offrir leur univers artistique au public. <\/p>\n\n\n\n<p class=\"has-text-align-center\">Merci \u00e0 la ville de Caen et au Centre Chor\u00e9graphique National de Caen en Normandie pour leur soutien !                      <\/p>\n\n\n\n<p class=\"has-text-align-center\">RENDEZ-VOUS L\u2019ANN\u00c9E PROCHAINE !<\/p>\n\n\n\n<p><\/p>\n\n\n\n<p class=\"has-text-align-center\">RETOUR EN IMAGES SUR CETTE PREMI\u00c8RE \u00c9DITION<\/p>\n\n\n\n<h4 class=\"has-text-align-center wp-block-heading\"><strong>VENDREDI 18 SEPTEMBRE<\/strong><\/h4>\n\n\n\n<figure class=\"wp-block-gallery columns-3 is-cropped wp-block-gallery-1 is-layout-flex wp-block-gallery-is-layout-flex\"><ul class=\"blocks-gallery-grid\"><li class=\"blocks-gallery-item\"><figure><img loading=\"lazy\" decoding=\"async\" width=\"1024\" height=\"768\" src=\"http:\/\/lacooperativechoregraphique.org\/wp-content\/uploads\/2020\/09\/INAUGURATION-FLORA-PILET-5-small-1024x768.png\" alt=\"\" data-id=\"4952\" data-full-url=\"http:\/\/lacooperativechoregraphique.org\/wp-content\/uploads\/2020\/09\/INAUGURATION-FLORA-PILET-5-small.png\" data-link=\"http:\/\/lacooperativechoregraphique.org\/inauguration-flora-pilet-5-small\/\" class=\"wp-image-4952\" srcset=\"https:\/\/lacooperativechoregraphique.org\/wp-content\/uploads\/2020\/09\/INAUGURATION-FLORA-PILET-5-small-1024x768.png 1024w, https:\/\/lacooperativechoregraphique.org\/wp-content\/uploads\/2020\/09\/INAUGURATION-FLORA-PILET-5-small-300x225.png 300w, https:\/\/lacooperativechoregraphique.org\/wp-content\/uploads\/2020\/09\/INAUGURATION-FLORA-PILET-5-small-768x576.png 768w, https:\/\/lacooperativechoregraphique.org\/wp-content\/uploads\/2020\/09\/INAUGURATION-FLORA-PILET-5-small.png 1040w\" sizes=\"auto, (max-width: 1024px) 100vw, 1024px\" \/><\/figure><\/li><li class=\"blocks-gallery-item\"><figure><img loading=\"lazy\" decoding=\"async\" width=\"1024\" height=\"768\" src=\"http:\/\/lacooperativechoregraphique.org\/wp-content\/uploads\/2020\/09\/INAUGURATION-FLORA-PILET-2-small-1024x768.png\" alt=\"\" data-id=\"4949\" data-full-url=\"http:\/\/lacooperativechoregraphique.org\/wp-content\/uploads\/2020\/09\/INAUGURATION-FLORA-PILET-2-small.png\" data-link=\"http:\/\/lacooperativechoregraphique.org\/inauguration-flora-pilet-2-small\/\" class=\"wp-image-4949\" srcset=\"https:\/\/lacooperativechoregraphique.org\/wp-content\/uploads\/2020\/09\/INAUGURATION-FLORA-PILET-2-small-1024x768.png 1024w, https:\/\/lacooperativechoregraphique.org\/wp-content\/uploads\/2020\/09\/INAUGURATION-FLORA-PILET-2-small-300x225.png 300w, https:\/\/lacooperativechoregraphique.org\/wp-content\/uploads\/2020\/09\/INAUGURATION-FLORA-PILET-2-small-768x576.png 768w, https:\/\/lacooperativechoregraphique.org\/wp-content\/uploads\/2020\/09\/INAUGURATION-FLORA-PILET-2-small.png 1040w\" sizes=\"auto, (max-width: 1024px) 100vw, 1024px\" \/><\/figure><\/li><li class=\"blocks-gallery-item\"><figure><img loading=\"lazy\" decoding=\"async\" width=\"1024\" height=\"768\" src=\"http:\/\/lacooperativechoregraphique.org\/wp-content\/uploads\/2020\/09\/INAUGURATION-FLORA-PILET-3-small-1024x768.png\" alt=\"\" data-id=\"4950\" data-full-url=\"http:\/\/lacooperativechoregraphique.org\/wp-content\/uploads\/2020\/09\/INAUGURATION-FLORA-PILET-3-small.png\" data-link=\"http:\/\/lacooperativechoregraphique.org\/inauguration-flora-pilet-3-small\/\" class=\"wp-image-4950\" srcset=\"https:\/\/lacooperativechoregraphique.org\/wp-content\/uploads\/2020\/09\/INAUGURATION-FLORA-PILET-3-small-1024x768.png 1024w, https:\/\/lacooperativechoregraphique.org\/wp-content\/uploads\/2020\/09\/INAUGURATION-FLORA-PILET-3-small-300x225.png 300w, https:\/\/lacooperativechoregraphique.org\/wp-content\/uploads\/2020\/09\/INAUGURATION-FLORA-PILET-3-small-768x576.png 768w, https:\/\/lacooperativechoregraphique.org\/wp-content\/uploads\/2020\/09\/INAUGURATION-FLORA-PILET-3-small.png 1040w\" sizes=\"auto, (max-width: 1024px) 100vw, 1024px\" \/><\/figure><\/li><li class=\"blocks-gallery-item\"><figure><img loading=\"lazy\" decoding=\"async\" width=\"1024\" height=\"768\" src=\"http:\/\/lacooperativechoregraphique.org\/wp-content\/uploads\/2020\/09\/INAUGURATION-FLORA-PILET-4-small-1024x768.png\" alt=\"\" data-id=\"4951\" data-full-url=\"http:\/\/lacooperativechoregraphique.org\/wp-content\/uploads\/2020\/09\/INAUGURATION-FLORA-PILET-4-small.png\" data-link=\"http:\/\/lacooperativechoregraphique.org\/inauguration-flora-pilet-4-small\/\" class=\"wp-image-4951\" srcset=\"https:\/\/lacooperativechoregraphique.org\/wp-content\/uploads\/2020\/09\/INAUGURATION-FLORA-PILET-4-small-1024x768.png 1024w, https:\/\/lacooperativechoregraphique.org\/wp-content\/uploads\/2020\/09\/INAUGURATION-FLORA-PILET-4-small-300x225.png 300w, https:\/\/lacooperativechoregraphique.org\/wp-content\/uploads\/2020\/09\/INAUGURATION-FLORA-PILET-4-small-768x576.png 768w, https:\/\/lacooperativechoregraphique.org\/wp-content\/uploads\/2020\/09\/INAUGURATION-FLORA-PILET-4-small.png 1040w\" sizes=\"auto, (max-width: 1024px) 100vw, 1024px\" \/><\/figure><\/li><li class=\"blocks-gallery-item\"><figure><img loading=\"lazy\" decoding=\"async\" width=\"1024\" height=\"684\" src=\"http:\/\/lacooperativechoregraphique.org\/wp-content\/uploads\/2020\/09\/INAUGURATION-CLAUDE-BOISNARD-small-1024x684.png\" alt=\"\" data-id=\"4947\" data-full-url=\"http:\/\/lacooperativechoregraphique.org\/wp-content\/uploads\/2020\/09\/INAUGURATION-CLAUDE-BOISNARD-small.png\" data-link=\"http:\/\/lacooperativechoregraphique.org\/inauguration-claude-boisnard-small\/\" class=\"wp-image-4947\" srcset=\"https:\/\/lacooperativechoregraphique.org\/wp-content\/uploads\/2020\/09\/INAUGURATION-CLAUDE-BOISNARD-small-1024x684.png 1024w, https:\/\/lacooperativechoregraphique.org\/wp-content\/uploads\/2020\/09\/INAUGURATION-CLAUDE-BOISNARD-small-300x200.png 300w, https:\/\/lacooperativechoregraphique.org\/wp-content\/uploads\/2020\/09\/INAUGURATION-CLAUDE-BOISNARD-small-768x513.png 768w, https:\/\/lacooperativechoregraphique.org\/wp-content\/uploads\/2020\/09\/INAUGURATION-CLAUDE-BOISNARD-small.png 1504w\" sizes=\"auto, (max-width: 1024px) 100vw, 1024px\" \/><\/figure><\/li><li class=\"blocks-gallery-item\"><figure><img loading=\"lazy\" decoding=\"async\" width=\"1024\" height=\"768\" src=\"http:\/\/lacooperativechoregraphique.org\/wp-content\/uploads\/2020\/09\/INAUGURATION-FLORA-PILET-1-small-1024x768.png\" alt=\"\" data-id=\"4948\" data-full-url=\"http:\/\/lacooperativechoregraphique.org\/wp-content\/uploads\/2020\/09\/INAUGURATION-FLORA-PILET-1-small.png\" data-link=\"http:\/\/lacooperativechoregraphique.org\/inauguration-flora-pilet-1-small\/\" class=\"wp-image-4948\" srcset=\"https:\/\/lacooperativechoregraphique.org\/wp-content\/uploads\/2020\/09\/INAUGURATION-FLORA-PILET-1-small-1024x768.png 1024w, https:\/\/lacooperativechoregraphique.org\/wp-content\/uploads\/2020\/09\/INAUGURATION-FLORA-PILET-1-small-300x225.png 300w, https:\/\/lacooperativechoregraphique.org\/wp-content\/uploads\/2020\/09\/INAUGURATION-FLORA-PILET-1-small-768x576.png 768w, https:\/\/lacooperativechoregraphique.org\/wp-content\/uploads\/2020\/09\/INAUGURATION-FLORA-PILET-1-small.png 1040w\" sizes=\"auto, (max-width: 1024px) 100vw, 1024px\" \/><\/figure><\/li><\/ul><figcaption class=\"blocks-gallery-caption\">INAUGURATION \/ LA COOPERATIVE CHOREGRAPHIQUE<br><\/figcaption><\/figure>\n\n\n\n<figure class=\"wp-block-gallery aligncenter columns-2 is-cropped wp-block-gallery-2 is-layout-flex wp-block-gallery-is-layout-flex\"><ul class=\"blocks-gallery-grid\"><li class=\"blocks-gallery-item\"><figure><img loading=\"lazy\" decoding=\"async\" width=\"1024\" height=\"683\" src=\"http:\/\/lacooperativechoregraphique.org\/wp-content\/uploads\/2020\/09\/PORTRAITS-SILENDA-CLAUDE-BOISNARD-2-small-1024x683.png\" alt=\"\" data-id=\"4964\" data-full-url=\"http:\/\/lacooperativechoregraphique.org\/wp-content\/uploads\/2020\/09\/PORTRAITS-SILENDA-CLAUDE-BOISNARD-2-small.png\" data-link=\"http:\/\/lacooperativechoregraphique.org\/portraits-silenda-claude-boisnard-2-small\/\" class=\"wp-image-4964\" srcset=\"https:\/\/lacooperativechoregraphique.org\/wp-content\/uploads\/2020\/09\/PORTRAITS-SILENDA-CLAUDE-BOISNARD-2-small-1024x683.png 1024w, https:\/\/lacooperativechoregraphique.org\/wp-content\/uploads\/2020\/09\/PORTRAITS-SILENDA-CLAUDE-BOISNARD-2-small-300x200.png 300w, https:\/\/lacooperativechoregraphique.org\/wp-content\/uploads\/2020\/09\/PORTRAITS-SILENDA-CLAUDE-BOISNARD-2-small-768x512.png 768w, https:\/\/lacooperativechoregraphique.org\/wp-content\/uploads\/2020\/09\/PORTRAITS-SILENDA-CLAUDE-BOISNARD-2-small.png 1500w\" sizes=\"auto, (max-width: 1024px) 100vw, 1024px\" \/><\/figure><\/li><li class=\"blocks-gallery-item\"><figure><img loading=\"lazy\" decoding=\"async\" width=\"683\" height=\"1024\" src=\"http:\/\/lacooperativechoregraphique.org\/wp-content\/uploads\/2020\/09\/PORTRAITS-SILENDA-CLAUDE-BOISNARD-small-683x1024.png\" alt=\"\" data-id=\"4965\" data-full-url=\"http:\/\/lacooperativechoregraphique.org\/wp-content\/uploads\/2020\/09\/PORTRAITS-SILENDA-CLAUDE-BOISNARD-small.png\" data-link=\"http:\/\/lacooperativechoregraphique.org\/portraits-silenda-claude-boisnard-small\/\" class=\"wp-image-4965\" srcset=\"https:\/\/lacooperativechoregraphique.org\/wp-content\/uploads\/2020\/09\/PORTRAITS-SILENDA-CLAUDE-BOISNARD-small-683x1024.png 683w, https:\/\/lacooperativechoregraphique.org\/wp-content\/uploads\/2020\/09\/PORTRAITS-SILENDA-CLAUDE-BOISNARD-small-200x300.png 200w, https:\/\/lacooperativechoregraphique.org\/wp-content\/uploads\/2020\/09\/PORTRAITS-SILENDA-CLAUDE-BOISNARD-small-768x1151.png 768w, https:\/\/lacooperativechoregraphique.org\/wp-content\/uploads\/2020\/09\/PORTRAITS-SILENDA-CLAUDE-BOISNARD-small.png 983w\" sizes=\"auto, (max-width: 683px) 100vw, 683px\" \/><\/figure><\/li><\/ul><figcaption class=\"blocks-gallery-caption\">PORTRAITS \/ Cie Silenda &#8211; Damiano Foa<br><\/figcaption><\/figure>\n\n\n\n<figure class=\"wp-block-gallery aligncenter columns-2 is-cropped wp-block-gallery-3 is-layout-flex wp-block-gallery-is-layout-flex\"><ul class=\"blocks-gallery-grid\"><li class=\"blocks-gallery-item\"><figure><img loading=\"lazy\" decoding=\"async\" width=\"1024\" height=\"682\" src=\"http:\/\/lacooperativechoregraphique.org\/wp-content\/uploads\/2020\/09\/FACES-NOESIS-CLAUDE-BOISNARD-2-small-1024x682.png\" alt=\"\" data-id=\"4946\" data-full-url=\"http:\/\/lacooperativechoregraphique.org\/wp-content\/uploads\/2020\/09\/FACES-NOESIS-CLAUDE-BOISNARD-2-small.png\" data-link=\"http:\/\/lacooperativechoregraphique.org\/faces-noesis-claude-boisnard-2-small\/\" class=\"wp-image-4946\" srcset=\"https:\/\/lacooperativechoregraphique.org\/wp-content\/uploads\/2020\/09\/FACES-NOESIS-CLAUDE-BOISNARD-2-small-1024x682.png 1024w, https:\/\/lacooperativechoregraphique.org\/wp-content\/uploads\/2020\/09\/FACES-NOESIS-CLAUDE-BOISNARD-2-small-300x200.png 300w, https:\/\/lacooperativechoregraphique.org\/wp-content\/uploads\/2020\/09\/FACES-NOESIS-CLAUDE-BOISNARD-2-small-768x512.png 768w, https:\/\/lacooperativechoregraphique.org\/wp-content\/uploads\/2020\/09\/FACES-NOESIS-CLAUDE-BOISNARD-2-small.png 1480w\" sizes=\"auto, (max-width: 1024px) 100vw, 1024px\" \/><\/figure><\/li><li class=\"blocks-gallery-item\"><figure><img loading=\"lazy\" decoding=\"async\" width=\"1024\" height=\"819\" src=\"http:\/\/lacooperativechoregraphique.org\/wp-content\/uploads\/2020\/09\/FACES-NOESIS-CLAUDE-BOISNARD-1-small-1024x819.png\" alt=\"\" data-id=\"4945\" data-full-url=\"http:\/\/lacooperativechoregraphique.org\/wp-content\/uploads\/2020\/09\/FACES-NOESIS-CLAUDE-BOISNARD-1-small.png\" data-link=\"http:\/\/lacooperativechoregraphique.org\/faces-noesis-claude-boisnard-1-small\/\" class=\"wp-image-4945\" srcset=\"https:\/\/lacooperativechoregraphique.org\/wp-content\/uploads\/2020\/09\/FACES-NOESIS-CLAUDE-BOISNARD-1-small-1024x819.png 1024w, https:\/\/lacooperativechoregraphique.org\/wp-content\/uploads\/2020\/09\/FACES-NOESIS-CLAUDE-BOISNARD-1-small-300x240.png 300w, https:\/\/lacooperativechoregraphique.org\/wp-content\/uploads\/2020\/09\/FACES-NOESIS-CLAUDE-BOISNARD-1-small-768x614.png 768w, https:\/\/lacooperativechoregraphique.org\/wp-content\/uploads\/2020\/09\/FACES-NOESIS-CLAUDE-BOISNARD-1-small.png 1255w\" sizes=\"auto, (max-width: 1024px) 100vw, 1024px\" \/><\/figure><\/li><\/ul><figcaption class=\"blocks-gallery-caption\">FACES [pour Narcisse] Cie Noesis &#8211; Alexandre Le Petit<br><\/figcaption><\/figure>\n\n\n\n<h4 class=\"has-text-align-center wp-block-heading\">SAMEDI 19 SEPTEMBRE<\/h4>\n\n\n\n<figure class=\"wp-block-gallery aligncenter columns-1 is-cropped wp-block-gallery-4 is-layout-flex wp-block-gallery-is-layout-flex\"><ul class=\"blocks-gallery-grid\"><li class=\"blocks-gallery-item\"><figure><img loading=\"lazy\" decoding=\"async\" width=\"1024\" height=\"684\" src=\"http:\/\/lacooperativechoregraphique.org\/wp-content\/uploads\/2020\/09\/ESSOR-CLAUDE-BOISNARD-small-1024x684.png\" alt=\"\" data-id=\"4943\" data-full-url=\"http:\/\/lacooperativechoregraphique.org\/wp-content\/uploads\/2020\/09\/ESSOR-CLAUDE-BOISNARD-small.png\" data-link=\"http:\/\/lacooperativechoregraphique.org\/essor-claude-boisnard-small\/\" class=\"wp-image-4943\" srcset=\"https:\/\/lacooperativechoregraphique.org\/wp-content\/uploads\/2020\/09\/ESSOR-CLAUDE-BOISNARD-small-1024x684.png 1024w, https:\/\/lacooperativechoregraphique.org\/wp-content\/uploads\/2020\/09\/ESSOR-CLAUDE-BOISNARD-small-300x200.png 300w, https:\/\/lacooperativechoregraphique.org\/wp-content\/uploads\/2020\/09\/ESSOR-CLAUDE-BOISNARD-small-768x513.png 768w, https:\/\/lacooperativechoregraphique.org\/wp-content\/uploads\/2020\/09\/ESSOR-CLAUDE-BOISNARD-small.png 1504w\" sizes=\"auto, (max-width: 1024px) 100vw, 1024px\" \/><\/figure><\/li><\/ul><figcaption class=\"blocks-gallery-caption\">JE TE FAIS UN BISOUS DE TA PART \/ Cie Silenda &#8211; Laura Simi &amp; L&rsquo;essor<\/figcaption><\/figure>\n\n\n\n<figure class=\"wp-block-gallery aligncenter columns-3 is-cropped wp-block-gallery-5 is-layout-flex wp-block-gallery-is-layout-flex\"><ul class=\"blocks-gallery-grid\"><li class=\"blocks-gallery-item\"><figure><img loading=\"lazy\" decoding=\"async\" width=\"768\" height=\"1024\" src=\"http:\/\/lacooperativechoregraphique.org\/wp-content\/uploads\/2020\/09\/LES-FILEUSES-MAZE-LES-CHRONOPHAGES-FLORA-PILET-2-small-768x1024.png\" alt=\"\" data-id=\"4956\" data-full-url=\"http:\/\/lacooperativechoregraphique.org\/wp-content\/uploads\/2020\/09\/LES-FILEUSES-MAZE-LES-CHRONOPHAGES-FLORA-PILET-2-small.png\" data-link=\"http:\/\/lacooperativechoregraphique.org\/les-fileuses-maze-les-chronophages-flora-pilet-2-small\/\" class=\"wp-image-4956\" srcset=\"https:\/\/lacooperativechoregraphique.org\/wp-content\/uploads\/2020\/09\/LES-FILEUSES-MAZE-LES-CHRONOPHAGES-FLORA-PILET-2-small-768x1024.png 768w, https:\/\/lacooperativechoregraphique.org\/wp-content\/uploads\/2020\/09\/LES-FILEUSES-MAZE-LES-CHRONOPHAGES-FLORA-PILET-2-small-225x300.png 225w, https:\/\/lacooperativechoregraphique.org\/wp-content\/uploads\/2020\/09\/LES-FILEUSES-MAZE-LES-CHRONOPHAGES-FLORA-PILET-2-small.png 780w\" sizes=\"auto, (max-width: 768px) 100vw, 768px\" \/><\/figure><\/li><li class=\"blocks-gallery-item\"><figure><img loading=\"lazy\" decoding=\"async\" width=\"1024\" height=\"768\" src=\"http:\/\/lacooperativechoregraphique.org\/wp-content\/uploads\/2020\/09\/LES-FILEUSES-MAZE-LES-CHRONOPHAGES-FLORA-PILET-1-small-1024x768.png\" alt=\"\" data-id=\"4955\" data-full-url=\"http:\/\/lacooperativechoregraphique.org\/wp-content\/uploads\/2020\/09\/LES-FILEUSES-MAZE-LES-CHRONOPHAGES-FLORA-PILET-1-small.png\" data-link=\"http:\/\/lacooperativechoregraphique.org\/les-fileuses-maze-les-chronophages-flora-pilet-1-small\/\" class=\"wp-image-4955\" srcset=\"https:\/\/lacooperativechoregraphique.org\/wp-content\/uploads\/2020\/09\/LES-FILEUSES-MAZE-LES-CHRONOPHAGES-FLORA-PILET-1-small-1024x768.png 1024w, https:\/\/lacooperativechoregraphique.org\/wp-content\/uploads\/2020\/09\/LES-FILEUSES-MAZE-LES-CHRONOPHAGES-FLORA-PILET-1-small-300x225.png 300w, https:\/\/lacooperativechoregraphique.org\/wp-content\/uploads\/2020\/09\/LES-FILEUSES-MAZE-LES-CHRONOPHAGES-FLORA-PILET-1-small-768x576.png 768w, https:\/\/lacooperativechoregraphique.org\/wp-content\/uploads\/2020\/09\/LES-FILEUSES-MAZE-LES-CHRONOPHAGES-FLORA-PILET-1-small.png 1040w\" sizes=\"auto, (max-width: 1024px) 100vw, 1024px\" \/><\/figure><\/li><li class=\"blocks-gallery-item\"><figure><img loading=\"lazy\" decoding=\"async\" width=\"1024\" height=\"684\" src=\"http:\/\/lacooperativechoregraphique.org\/wp-content\/uploads\/2020\/09\/LES-FILEUSES-MAZE-LES-CHRONOPHAGES-CLAUDE-BOISNAR-small-1024x684.png\" alt=\"\" data-id=\"4954\" data-full-url=\"http:\/\/lacooperativechoregraphique.org\/wp-content\/uploads\/2020\/09\/LES-FILEUSES-MAZE-LES-CHRONOPHAGES-CLAUDE-BOISNAR-small.png\" data-link=\"http:\/\/lacooperativechoregraphique.org\/les-fileuses-maze-les-chronophages-claude-boisnar-small\/\" class=\"wp-image-4954\" srcset=\"https:\/\/lacooperativechoregraphique.org\/wp-content\/uploads\/2020\/09\/LES-FILEUSES-MAZE-LES-CHRONOPHAGES-CLAUDE-BOISNAR-small-1024x684.png 1024w, https:\/\/lacooperativechoregraphique.org\/wp-content\/uploads\/2020\/09\/LES-FILEUSES-MAZE-LES-CHRONOPHAGES-CLAUDE-BOISNAR-small-300x200.png 300w, https:\/\/lacooperativechoregraphique.org\/wp-content\/uploads\/2020\/09\/LES-FILEUSES-MAZE-LES-CHRONOPHAGES-CLAUDE-BOISNAR-small-768x513.png 768w, https:\/\/lacooperativechoregraphique.org\/wp-content\/uploads\/2020\/09\/LES-FILEUSES-MAZE-LES-CHRONOPHAGES-CLAUDE-BOISNAR-small.png 1504w\" sizes=\"auto, (max-width: 1024px) 100vw, 1024px\" \/><\/figure><\/li><li class=\"blocks-gallery-item\"><figure><img loading=\"lazy\" decoding=\"async\" width=\"1024\" height=\"683\" src=\"http:\/\/lacooperativechoregraphique.org\/wp-content\/uploads\/2020\/09\/LES-FILEUSES-MAZE-LES-CHRONOPHAGES-CLAUDE-BOISNAR-2-small-1024x683.png\" alt=\"\" data-id=\"4953\" data-full-url=\"http:\/\/lacooperativechoregraphique.org\/wp-content\/uploads\/2020\/09\/LES-FILEUSES-MAZE-LES-CHRONOPHAGES-CLAUDE-BOISNAR-2-small.png\" data-link=\"http:\/\/lacooperativechoregraphique.org\/les-fileuses-maze-les-chronophages-claude-boisnar-2-small\/\" class=\"wp-image-4953\" srcset=\"https:\/\/lacooperativechoregraphique.org\/wp-content\/uploads\/2020\/09\/LES-FILEUSES-MAZE-LES-CHRONOPHAGES-CLAUDE-BOISNAR-2-small-1024x683.png 1024w, https:\/\/lacooperativechoregraphique.org\/wp-content\/uploads\/2020\/09\/LES-FILEUSES-MAZE-LES-CHRONOPHAGES-CLAUDE-BOISNAR-2-small-300x200.png 300w, https:\/\/lacooperativechoregraphique.org\/wp-content\/uploads\/2020\/09\/LES-FILEUSES-MAZE-LES-CHRONOPHAGES-CLAUDE-BOISNAR-2-small-768x512.png 768w, https:\/\/lacooperativechoregraphique.org\/wp-content\/uploads\/2020\/09\/LES-FILEUSES-MAZE-LES-CHRONOPHAGES-CLAUDE-BOISNAR-2-small.png 1500w\" sizes=\"auto, (max-width: 1024px) 100vw, 1024px\" \/><\/figure><\/li><\/ul><figcaption class=\"blocks-gallery-caption\">MAZE #Les fileuses \/ Chronophages &#8211; Oph\u00e9lie Brunet<br><\/figcaption><\/figure>\n\n\n\n<figure class=\"wp-block-gallery aligncenter columns-2 is-cropped wp-block-gallery-6 is-layout-flex wp-block-gallery-is-layout-flex\"><ul class=\"blocks-gallery-grid\"><li class=\"blocks-gallery-item\"><figure><img loading=\"lazy\" decoding=\"async\" width=\"1024\" height=\"731\" src=\"http:\/\/lacooperativechoregraphique.org\/wp-content\/uploads\/2020\/09\/ANTOINE-ULMANN-CLAUDE-BOISNARD-small-1024x731.png\" alt=\"\" data-id=\"4935\" data-full-url=\"http:\/\/lacooperativechoregraphique.org\/wp-content\/uploads\/2020\/09\/ANTOINE-ULMANN-CLAUDE-BOISNARD-small.png\" data-link=\"http:\/\/lacooperativechoregraphique.org\/antoine-ulmann-claude-boisnard-small\/\" class=\"wp-image-4935\" srcset=\"https:\/\/lacooperativechoregraphique.org\/wp-content\/uploads\/2020\/09\/ANTOINE-ULMANN-CLAUDE-BOISNARD-small-1024x731.png 1024w, https:\/\/lacooperativechoregraphique.org\/wp-content\/uploads\/2020\/09\/ANTOINE-ULMANN-CLAUDE-BOISNARD-small-300x214.png 300w, https:\/\/lacooperativechoregraphique.org\/wp-content\/uploads\/2020\/09\/ANTOINE-ULMANN-CLAUDE-BOISNARD-small-768x549.png 768w, https:\/\/lacooperativechoregraphique.org\/wp-content\/uploads\/2020\/09\/ANTOINE-ULMANN-CLAUDE-BOISNARD-small.png 1386w\" sizes=\"auto, (max-width: 1024px) 100vw, 1024px\" \/><\/figure><\/li><li class=\"blocks-gallery-item\"><figure><img loading=\"lazy\" decoding=\"async\" width=\"1024\" height=\"683\" src=\"http:\/\/lacooperativechoregraphique.org\/wp-content\/uploads\/2020\/09\/ANTOINE-ULMANN-CLAUDE-BOISNARD-2-small-1024x683.png\" alt=\"\" data-id=\"4934\" data-full-url=\"http:\/\/lacooperativechoregraphique.org\/wp-content\/uploads\/2020\/09\/ANTOINE-ULMANN-CLAUDE-BOISNARD-2-small.png\" data-link=\"http:\/\/lacooperativechoregraphique.org\/antoine-ulmann-claude-boisnard-2-small\/\" class=\"wp-image-4934\" srcset=\"https:\/\/lacooperativechoregraphique.org\/wp-content\/uploads\/2020\/09\/ANTOINE-ULMANN-CLAUDE-BOISNARD-2-small-1024x683.png 1024w, https:\/\/lacooperativechoregraphique.org\/wp-content\/uploads\/2020\/09\/ANTOINE-ULMANN-CLAUDE-BOISNARD-2-small-300x200.png 300w, https:\/\/lacooperativechoregraphique.org\/wp-content\/uploads\/2020\/09\/ANTOINE-ULMANN-CLAUDE-BOISNARD-2-small-768x512.png 768w, https:\/\/lacooperativechoregraphique.org\/wp-content\/uploads\/2020\/09\/ANTOINE-ULMANN-CLAUDE-BOISNARD-2-small.png 1500w\" sizes=\"auto, (max-width: 1024px) 100vw, 1024px\" \/><\/figure><\/li><\/ul><figcaption class=\"blocks-gallery-caption\">ELEPHANT NEUTRINO \/ Antoine Ulmann<br><br><\/figcaption><\/figure>\n\n\n\n<figure class=\"wp-block-gallery aligncenter columns-3 is-cropped wp-block-gallery-7 is-layout-flex wp-block-gallery-is-layout-flex\"><ul class=\"blocks-gallery-grid\"><li class=\"blocks-gallery-item\"><figure><img loading=\"lazy\" decoding=\"async\" width=\"683\" height=\"1024\" src=\"http:\/\/lacooperativechoregraphique.org\/wp-content\/uploads\/2020\/09\/PISTES-KASHYL-CLAUDE-BOISNARD-small-683x1024.png\" alt=\"\" data-id=\"4963\" data-full-url=\"http:\/\/lacooperativechoregraphique.org\/wp-content\/uploads\/2020\/09\/PISTES-KASHYL-CLAUDE-BOISNARD-small.png\" data-link=\"http:\/\/lacooperativechoregraphique.org\/pistes-kashyl-claude-boisnard-small\/\" class=\"wp-image-4963\" srcset=\"https:\/\/lacooperativechoregraphique.org\/wp-content\/uploads\/2020\/09\/PISTES-KASHYL-CLAUDE-BOISNARD-small-683x1024.png 683w, https:\/\/lacooperativechoregraphique.org\/wp-content\/uploads\/2020\/09\/PISTES-KASHYL-CLAUDE-BOISNARD-small-200x300.png 200w, https:\/\/lacooperativechoregraphique.org\/wp-content\/uploads\/2020\/09\/PISTES-KASHYL-CLAUDE-BOISNARD-small-768x1152.png 768w, https:\/\/lacooperativechoregraphique.org\/wp-content\/uploads\/2020\/09\/PISTES-KASHYL-CLAUDE-BOISNARD-small.png 1000w\" sizes=\"auto, (max-width: 683px) 100vw, 683px\" \/><\/figure><\/li><li class=\"blocks-gallery-item\"><figure><img loading=\"lazy\" decoding=\"async\" width=\"1024\" height=\"768\" src=\"http:\/\/lacooperativechoregraphique.org\/wp-content\/uploads\/2020\/09\/PISTES-ASHLEY-CHEN-FLORA-PILET-3-small-1024x768.png\" alt=\"\" data-id=\"4962\" data-full-url=\"http:\/\/lacooperativechoregraphique.org\/wp-content\/uploads\/2020\/09\/PISTES-ASHLEY-CHEN-FLORA-PILET-3-small.png\" data-link=\"http:\/\/lacooperativechoregraphique.org\/pistes-ashley-chen-flora-pilet-3-small\/\" class=\"wp-image-4962\" srcset=\"https:\/\/lacooperativechoregraphique.org\/wp-content\/uploads\/2020\/09\/PISTES-ASHLEY-CHEN-FLORA-PILET-3-small-1024x768.png 1024w, https:\/\/lacooperativechoregraphique.org\/wp-content\/uploads\/2020\/09\/PISTES-ASHLEY-CHEN-FLORA-PILET-3-small-300x225.png 300w, https:\/\/lacooperativechoregraphique.org\/wp-content\/uploads\/2020\/09\/PISTES-ASHLEY-CHEN-FLORA-PILET-3-small-768x576.png 768w, https:\/\/lacooperativechoregraphique.org\/wp-content\/uploads\/2020\/09\/PISTES-ASHLEY-CHEN-FLORA-PILET-3-small.png 1040w\" sizes=\"auto, (max-width: 1024px) 100vw, 1024px\" \/><\/figure><\/li><li class=\"blocks-gallery-item\"><figure><img loading=\"lazy\" decoding=\"async\" width=\"1024\" height=\"768\" src=\"http:\/\/lacooperativechoregraphique.org\/wp-content\/uploads\/2020\/09\/PISTES-ASHLEY-CHEN-FLORA-PILET-2-small-1024x768.png\" alt=\"\" data-id=\"4961\" data-full-url=\"http:\/\/lacooperativechoregraphique.org\/wp-content\/uploads\/2020\/09\/PISTES-ASHLEY-CHEN-FLORA-PILET-2-small.png\" data-link=\"http:\/\/lacooperativechoregraphique.org\/pistes-ashley-chen-flora-pilet-2-small\/\" class=\"wp-image-4961\" srcset=\"https:\/\/lacooperativechoregraphique.org\/wp-content\/uploads\/2020\/09\/PISTES-ASHLEY-CHEN-FLORA-PILET-2-small-1024x768.png 1024w, https:\/\/lacooperativechoregraphique.org\/wp-content\/uploads\/2020\/09\/PISTES-ASHLEY-CHEN-FLORA-PILET-2-small-300x225.png 300w, https:\/\/lacooperativechoregraphique.org\/wp-content\/uploads\/2020\/09\/PISTES-ASHLEY-CHEN-FLORA-PILET-2-small-768x576.png 768w, https:\/\/lacooperativechoregraphique.org\/wp-content\/uploads\/2020\/09\/PISTES-ASHLEY-CHEN-FLORA-PILET-2-small.png 1040w\" sizes=\"auto, (max-width: 1024px) 100vw, 1024px\" \/><\/figure><\/li><li class=\"blocks-gallery-item\"><figure><img loading=\"lazy\" decoding=\"async\" width=\"1024\" height=\"768\" src=\"http:\/\/lacooperativechoregraphique.org\/wp-content\/uploads\/2020\/09\/PISTES-ASHLEY-CHEN-FLORA-PILET-1-small-1024x768.png\" alt=\"\" data-id=\"4960\" data-full-url=\"http:\/\/lacooperativechoregraphique.org\/wp-content\/uploads\/2020\/09\/PISTES-ASHLEY-CHEN-FLORA-PILET-1-small.png\" data-link=\"http:\/\/lacooperativechoregraphique.org\/pistes-ashley-chen-flora-pilet-1-small\/\" class=\"wp-image-4960\" srcset=\"https:\/\/lacooperativechoregraphique.org\/wp-content\/uploads\/2020\/09\/PISTES-ASHLEY-CHEN-FLORA-PILET-1-small-1024x768.png 1024w, https:\/\/lacooperativechoregraphique.org\/wp-content\/uploads\/2020\/09\/PISTES-ASHLEY-CHEN-FLORA-PILET-1-small-300x225.png 300w, https:\/\/lacooperativechoregraphique.org\/wp-content\/uploads\/2020\/09\/PISTES-ASHLEY-CHEN-FLORA-PILET-1-small-768x576.png 768w, https:\/\/lacooperativechoregraphique.org\/wp-content\/uploads\/2020\/09\/PISTES-ASHLEY-CHEN-FLORA-PILET-1-small.png 1040w\" sizes=\"auto, (max-width: 1024px) 100vw, 1024px\" \/><\/figure><\/li><\/ul><figcaption class=\"blocks-gallery-caption\">PISTES, CHEMINS \/ Kashyl- Ashley Chen<\/figcaption><\/figure>\n\n\n\n<figure class=\"wp-block-gallery aligncenter columns-1 is-cropped wp-block-gallery-8 is-layout-flex wp-block-gallery-is-layout-flex\"><ul class=\"blocks-gallery-grid\"><li class=\"blocks-gallery-item\"><figure><img loading=\"lazy\" decoding=\"async\" width=\"1024\" height=\"683\" src=\"http:\/\/lacooperativechoregraphique.org\/wp-content\/uploads\/2020\/09\/BUBU-PAGIER-CLAUDE-BOISNARD-small-1024x683.png\" alt=\"\" data-id=\"4939\" data-full-url=\"http:\/\/lacooperativechoregraphique.org\/wp-content\/uploads\/2020\/09\/BUBU-PAGIER-CLAUDE-BOISNARD-small.png\" data-link=\"http:\/\/lacooperativechoregraphique.org\/bubu-pagier-claude-boisnard-small\/\" class=\"wp-image-4939\" srcset=\"https:\/\/lacooperativechoregraphique.org\/wp-content\/uploads\/2020\/09\/BUBU-PAGIER-CLAUDE-BOISNARD-small-1024x683.png 1024w, https:\/\/lacooperativechoregraphique.org\/wp-content\/uploads\/2020\/09\/BUBU-PAGIER-CLAUDE-BOISNARD-small-300x200.png 300w, https:\/\/lacooperativechoregraphique.org\/wp-content\/uploads\/2020\/09\/BUBU-PAGIER-CLAUDE-BOISNARD-small-768x512.png 768w, https:\/\/lacooperativechoregraphique.org\/wp-content\/uploads\/2020\/09\/BUBU-PAGIER-CLAUDE-BOISNARD-small.png 1500w\" sizes=\"auto, (max-width: 1024px) 100vw, 1024px\" \/><\/figure><\/li><\/ul><figcaption class=\"blocks-gallery-caption\">ORGUE A EAU \/ Bubu Pagier<br><\/figcaption><\/figure>\n\n\n\n<figure class=\"wp-block-gallery aligncenter columns-1 is-cropped wp-block-gallery-9 is-layout-flex wp-block-gallery-is-layout-flex\"><ul class=\"blocks-gallery-grid\"><li class=\"blocks-gallery-item\"><figure><img loading=\"lazy\" decoding=\"async\" width=\"1024\" height=\"684\" src=\"http:\/\/lacooperativechoregraphique.org\/wp-content\/uploads\/2020\/09\/ANNABELLE-ROSENOW-YANNCK-BOSC-CLAUDE-BOISNARD-small-1-1024x684.png\" alt=\"\" data-id=\"4933\" data-full-url=\"http:\/\/lacooperativechoregraphique.org\/wp-content\/uploads\/2020\/09\/ANNABELLE-ROSENOW-YANNCK-BOSC-CLAUDE-BOISNARD-small-1.png\" data-link=\"http:\/\/lacooperativechoregraphique.org\/annabelle-rosenow-yannck-bosc-claude-boisnard-small-2\/\" class=\"wp-image-4933\" srcset=\"https:\/\/lacooperativechoregraphique.org\/wp-content\/uploads\/2020\/09\/ANNABELLE-ROSENOW-YANNCK-BOSC-CLAUDE-BOISNARD-small-1-1024x684.png 1024w, https:\/\/lacooperativechoregraphique.org\/wp-content\/uploads\/2020\/09\/ANNABELLE-ROSENOW-YANNCK-BOSC-CLAUDE-BOISNARD-small-1-300x200.png 300w, https:\/\/lacooperativechoregraphique.org\/wp-content\/uploads\/2020\/09\/ANNABELLE-ROSENOW-YANNCK-BOSC-CLAUDE-BOISNARD-small-1-768x513.png 768w, https:\/\/lacooperativechoregraphique.org\/wp-content\/uploads\/2020\/09\/ANNABELLE-ROSENOW-YANNCK-BOSC-CLAUDE-BOISNARD-small-1.png 1504w\" sizes=\"auto, (max-width: 1024px) 100vw, 1024px\" \/><\/figure><\/li><\/ul><figcaption class=\"blocks-gallery-caption\">QUELQUES APPARENCES DU MILIEU DES CHOSES \/ Annabelle Rosenow &amp; Yanick Bosc<br><\/figcaption><\/figure>\n\n\n\n<figure class=\"wp-block-gallery aligncenter columns-2 is-cropped wp-block-gallery-10 is-layout-flex wp-block-gallery-is-layout-flex\"><ul class=\"blocks-gallery-grid\"><li class=\"blocks-gallery-item\"><figure><img loading=\"lazy\" decoding=\"async\" width=\"1024\" height=\"683\" src=\"http:\/\/lacooperativechoregraphique.org\/wp-content\/uploads\/2020\/09\/LES-PETRIFIES-MAZE-CHRONOPHAGES-CLAUDE-BOISNARD-small-1024x683.png\" alt=\"\" data-id=\"4958\" data-full-url=\"http:\/\/lacooperativechoregraphique.org\/wp-content\/uploads\/2020\/09\/LES-PETRIFIES-MAZE-CHRONOPHAGES-CLAUDE-BOISNARD-small.png\" data-link=\"http:\/\/lacooperativechoregraphique.org\/les-petrifies-maze-chronophages-claude-boisnard-small\/\" class=\"wp-image-4958\" srcset=\"https:\/\/lacooperativechoregraphique.org\/wp-content\/uploads\/2020\/09\/LES-PETRIFIES-MAZE-CHRONOPHAGES-CLAUDE-BOISNARD-small-1024x683.png 1024w, https:\/\/lacooperativechoregraphique.org\/wp-content\/uploads\/2020\/09\/LES-PETRIFIES-MAZE-CHRONOPHAGES-CLAUDE-BOISNARD-small-300x200.png 300w, https:\/\/lacooperativechoregraphique.org\/wp-content\/uploads\/2020\/09\/LES-PETRIFIES-MAZE-CHRONOPHAGES-CLAUDE-BOISNARD-small-768x512.png 768w, https:\/\/lacooperativechoregraphique.org\/wp-content\/uploads\/2020\/09\/LES-PETRIFIES-MAZE-CHRONOPHAGES-CLAUDE-BOISNARD-small.png 1500w\" sizes=\"auto, (max-width: 1024px) 100vw, 1024px\" \/><\/figure><\/li><li class=\"blocks-gallery-item\"><figure><img loading=\"lazy\" decoding=\"async\" width=\"1024\" height=\"768\" src=\"http:\/\/lacooperativechoregraphique.org\/wp-content\/uploads\/2020\/09\/LES-PETRIFIEES-MAZE-LES-CHRONOPHAGES-FLORA-PILET-small-1024x768.png\" alt=\"\" data-id=\"4957\" data-full-url=\"http:\/\/lacooperativechoregraphique.org\/wp-content\/uploads\/2020\/09\/LES-PETRIFIEES-MAZE-LES-CHRONOPHAGES-FLORA-PILET-small.png\" data-link=\"http:\/\/lacooperativechoregraphique.org\/les-petrifiees-maze-les-chronophages-flora-pilet-small\/\" class=\"wp-image-4957\" srcset=\"https:\/\/lacooperativechoregraphique.org\/wp-content\/uploads\/2020\/09\/LES-PETRIFIEES-MAZE-LES-CHRONOPHAGES-FLORA-PILET-small-1024x768.png 1024w, https:\/\/lacooperativechoregraphique.org\/wp-content\/uploads\/2020\/09\/LES-PETRIFIEES-MAZE-LES-CHRONOPHAGES-FLORA-PILET-small-300x225.png 300w, https:\/\/lacooperativechoregraphique.org\/wp-content\/uploads\/2020\/09\/LES-PETRIFIEES-MAZE-LES-CHRONOPHAGES-FLORA-PILET-small-768x576.png 768w, https:\/\/lacooperativechoregraphique.org\/wp-content\/uploads\/2020\/09\/LES-PETRIFIEES-MAZE-LES-CHRONOPHAGES-FLORA-PILET-small.png 1040w\" sizes=\"auto, (max-width: 1024px) 100vw, 1024px\" \/><\/figure><\/li><\/ul><figcaption class=\"blocks-gallery-caption\">MAZE #Les p\u00e9trifi\u00e9s \/ Les Chronophages &#8211; Oph\u00e9lie Brunet<br><\/figcaption><\/figure>\n\n\n\n<figure class=\"wp-block-gallery aligncenter columns-3 is-cropped wp-block-gallery-11 is-layout-flex wp-block-gallery-is-layout-flex\"><ul class=\"blocks-gallery-grid\"><li class=\"blocks-gallery-item\"><figure><img loading=\"lazy\" decoding=\"async\" width=\"1024\" height=\"732\" src=\"http:\/\/lacooperativechoregraphique.org\/wp-content\/uploads\/2020\/09\/RESTER-MARIE-DESOUBEAUX-CLAUDE-BOISNARD-small-1024x732.png\" alt=\"\" data-id=\"4969\" data-full-url=\"http:\/\/lacooperativechoregraphique.org\/wp-content\/uploads\/2020\/09\/RESTER-MARIE-DESOUBEAUX-CLAUDE-BOISNARD-small.png\" data-link=\"http:\/\/lacooperativechoregraphique.org\/rester-marie-desoubeaux-claude-boisnard-small\/\" class=\"wp-image-4969\" srcset=\"https:\/\/lacooperativechoregraphique.org\/wp-content\/uploads\/2020\/09\/RESTER-MARIE-DESOUBEAUX-CLAUDE-BOISNARD-small-1024x732.png 1024w, https:\/\/lacooperativechoregraphique.org\/wp-content\/uploads\/2020\/09\/RESTER-MARIE-DESOUBEAUX-CLAUDE-BOISNARD-small-300x214.png 300w, https:\/\/lacooperativechoregraphique.org\/wp-content\/uploads\/2020\/09\/RESTER-MARIE-DESOUBEAUX-CLAUDE-BOISNARD-small-768x549.png 768w, https:\/\/lacooperativechoregraphique.org\/wp-content\/uploads\/2020\/09\/RESTER-MARIE-DESOUBEAUX-CLAUDE-BOISNARD-small.png 1383w\" sizes=\"auto, (max-width: 1024px) 100vw, 1024px\" \/><\/figure><\/li><li class=\"blocks-gallery-item\"><figure><img loading=\"lazy\" decoding=\"async\" width=\"1024\" height=\"684\" src=\"http:\/\/lacooperativechoregraphique.org\/wp-content\/uploads\/2020\/09\/RESTER-MARIE-DESOUBEAUX-CLAUDE-BOISNARD-2-small-1024x684.png\" alt=\"\" data-id=\"4968\" data-full-url=\"http:\/\/lacooperativechoregraphique.org\/wp-content\/uploads\/2020\/09\/RESTER-MARIE-DESOUBEAUX-CLAUDE-BOISNARD-2-small.png\" data-link=\"http:\/\/lacooperativechoregraphique.org\/rester-marie-desoubeaux-claude-boisnard-2-small\/\" class=\"wp-image-4968\" srcset=\"https:\/\/lacooperativechoregraphique.org\/wp-content\/uploads\/2020\/09\/RESTER-MARIE-DESOUBEAUX-CLAUDE-BOISNARD-2-small-1024x684.png 1024w, https:\/\/lacooperativechoregraphique.org\/wp-content\/uploads\/2020\/09\/RESTER-MARIE-DESOUBEAUX-CLAUDE-BOISNARD-2-small-300x200.png 300w, https:\/\/lacooperativechoregraphique.org\/wp-content\/uploads\/2020\/09\/RESTER-MARIE-DESOUBEAUX-CLAUDE-BOISNARD-2-small-768x513.png 768w, https:\/\/lacooperativechoregraphique.org\/wp-content\/uploads\/2020\/09\/RESTER-MARIE-DESOUBEAUX-CLAUDE-BOISNARD-2-small.png 1504w\" sizes=\"auto, (max-width: 1024px) 100vw, 1024px\" \/><\/figure><\/li><li class=\"blocks-gallery-item\"><figure><img loading=\"lazy\" decoding=\"async\" width=\"1024\" height=\"683\" src=\"http:\/\/lacooperativechoregraphique.org\/wp-content\/uploads\/2020\/09\/RESTER-MARIE-DESOUBEAUX-2-small-1024x683.png\" alt=\"\" data-id=\"4967\" data-full-url=\"http:\/\/lacooperativechoregraphique.org\/wp-content\/uploads\/2020\/09\/RESTER-MARIE-DESOUBEAUX-2-small.png\" data-link=\"http:\/\/lacooperativechoregraphique.org\/rester-marie-desoubeaux-2-small\/\" class=\"wp-image-4967\" srcset=\"https:\/\/lacooperativechoregraphique.org\/wp-content\/uploads\/2020\/09\/RESTER-MARIE-DESOUBEAUX-2-small-1024x683.png 1024w, https:\/\/lacooperativechoregraphique.org\/wp-content\/uploads\/2020\/09\/RESTER-MARIE-DESOUBEAUX-2-small-300x200.png 300w, https:\/\/lacooperativechoregraphique.org\/wp-content\/uploads\/2020\/09\/RESTER-MARIE-DESOUBEAUX-2-small-768x512.png 768w, https:\/\/lacooperativechoregraphique.org\/wp-content\/uploads\/2020\/09\/RESTER-MARIE-DESOUBEAUX-2-small.png 1500w\" sizes=\"auto, (max-width: 1024px) 100vw, 1024px\" \/><\/figure><\/li><\/ul><figcaption class=\"blocks-gallery-caption\">RESTER \/ Pr\u00e9somptions de pr\u00e9sence &#8211; Marie D\u00e9soubeaux<\/figcaption><\/figure>\n\n\n\n<figure class=\"wp-block-gallery aligncenter columns-3 is-cropped wp-block-gallery-12 is-layout-flex wp-block-gallery-is-layout-flex\"><ul class=\"blocks-gallery-grid\"><li class=\"blocks-gallery-item\"><figure><img loading=\"lazy\" decoding=\"async\" width=\"1024\" height=\"683\" src=\"http:\/\/lacooperativechoregraphique.org\/wp-content\/uploads\/2020\/09\/ATELIERS-DE-L-HOSPITALITE-CIMADE-CLAUDE-BOISNARD-1-small-1024x683.png\" alt=\"\" data-id=\"4936\" data-full-url=\"http:\/\/lacooperativechoregraphique.org\/wp-content\/uploads\/2020\/09\/ATELIERS-DE-L-HOSPITALITE-CIMADE-CLAUDE-BOISNARD-1-small.png\" data-link=\"http:\/\/lacooperativechoregraphique.org\/ateliers-de-l-hospitalite-cimade-claude-boisnard-1-small\/\" class=\"wp-image-4936\" srcset=\"https:\/\/lacooperativechoregraphique.org\/wp-content\/uploads\/2020\/09\/ATELIERS-DE-L-HOSPITALITE-CIMADE-CLAUDE-BOISNARD-1-small-1024x683.png 1024w, https:\/\/lacooperativechoregraphique.org\/wp-content\/uploads\/2020\/09\/ATELIERS-DE-L-HOSPITALITE-CIMADE-CLAUDE-BOISNARD-1-small-300x200.png 300w, https:\/\/lacooperativechoregraphique.org\/wp-content\/uploads\/2020\/09\/ATELIERS-DE-L-HOSPITALITE-CIMADE-CLAUDE-BOISNARD-1-small-768x512.png 768w, https:\/\/lacooperativechoregraphique.org\/wp-content\/uploads\/2020\/09\/ATELIERS-DE-L-HOSPITALITE-CIMADE-CLAUDE-BOISNARD-1-small.png 1500w\" sizes=\"auto, (max-width: 1024px) 100vw, 1024px\" \/><\/figure><\/li><li class=\"blocks-gallery-item\"><figure><img loading=\"lazy\" decoding=\"async\" width=\"1024\" height=\"683\" src=\"http:\/\/lacooperativechoregraphique.org\/wp-content\/uploads\/2020\/09\/ATELIERS-DE-L-HOSPITALITE-CIMADE-CLAUDE-BOISNARD-2-small-1024x683.png\" alt=\"\" data-id=\"4937\" data-full-url=\"http:\/\/lacooperativechoregraphique.org\/wp-content\/uploads\/2020\/09\/ATELIERS-DE-L-HOSPITALITE-CIMADE-CLAUDE-BOISNARD-2-small.png\" data-link=\"http:\/\/lacooperativechoregraphique.org\/ateliers-de-l-hospitalite-cimade-claude-boisnard-2-small\/\" class=\"wp-image-4937\" srcset=\"https:\/\/lacooperativechoregraphique.org\/wp-content\/uploads\/2020\/09\/ATELIERS-DE-L-HOSPITALITE-CIMADE-CLAUDE-BOISNARD-2-small-1024x683.png 1024w, https:\/\/lacooperativechoregraphique.org\/wp-content\/uploads\/2020\/09\/ATELIERS-DE-L-HOSPITALITE-CIMADE-CLAUDE-BOISNARD-2-small-300x200.png 300w, https:\/\/lacooperativechoregraphique.org\/wp-content\/uploads\/2020\/09\/ATELIERS-DE-L-HOSPITALITE-CIMADE-CLAUDE-BOISNARD-2-small-768x512.png 768w, https:\/\/lacooperativechoregraphique.org\/wp-content\/uploads\/2020\/09\/ATELIERS-DE-L-HOSPITALITE-CIMADE-CLAUDE-BOISNARD-2-small.png 1500w\" sizes=\"auto, (max-width: 1024px) 100vw, 1024px\" \/><\/figure><\/li><li class=\"blocks-gallery-item\"><figure><img loading=\"lazy\" decoding=\"async\" width=\"1024\" height=\"683\" src=\"http:\/\/lacooperativechoregraphique.org\/wp-content\/uploads\/2020\/09\/ATELIERS-DE-L-HOSPITALITE-CIMADE-CLAUDE-BOISNARD-3-small-1024x683.png\" alt=\"\" data-id=\"4938\" data-full-url=\"http:\/\/lacooperativechoregraphique.org\/wp-content\/uploads\/2020\/09\/ATELIERS-DE-L-HOSPITALITE-CIMADE-CLAUDE-BOISNARD-3-small.png\" data-link=\"http:\/\/lacooperativechoregraphique.org\/ateliers-de-l-hospitalite-cimade-claude-boisnard-3-small\/\" class=\"wp-image-4938\" srcset=\"https:\/\/lacooperativechoregraphique.org\/wp-content\/uploads\/2020\/09\/ATELIERS-DE-L-HOSPITALITE-CIMADE-CLAUDE-BOISNARD-3-small-1024x683.png 1024w, https:\/\/lacooperativechoregraphique.org\/wp-content\/uploads\/2020\/09\/ATELIERS-DE-L-HOSPITALITE-CIMADE-CLAUDE-BOISNARD-3-small-300x200.png 300w, https:\/\/lacooperativechoregraphique.org\/wp-content\/uploads\/2020\/09\/ATELIERS-DE-L-HOSPITALITE-CIMADE-CLAUDE-BOISNARD-3-small-768x512.png 768w, https:\/\/lacooperativechoregraphique.org\/wp-content\/uploads\/2020\/09\/ATELIERS-DE-L-HOSPITALITE-CIMADE-CLAUDE-BOISNARD-3-small.png 1500w\" sizes=\"auto, (max-width: 1024px) 100vw, 1024px\" \/><\/figure><\/li><\/ul><figcaption class=\"blocks-gallery-caption\">ATELIERS DE L\u2019HOSPITALIT\u00c9 \/ Oph\u00e9lie Brunet, S\u00e9bastien Laurent, Flora Pilet, Laura Simi &amp; Cimade de Caen<\/figcaption><\/figure>\n\n\n\n<figure class=\"wp-block-gallery columns-2 is-cropped wp-block-gallery-13 is-layout-flex wp-block-gallery-is-layout-flex\"><ul class=\"blocks-gallery-grid\"><li class=\"blocks-gallery-item\"><figure><img loading=\"lazy\" decoding=\"async\" width=\"768\" height=\"1024\" src=\"http:\/\/lacooperativechoregraphique.org\/wp-content\/uploads\/2020\/09\/DINER-FLORA-PILET-2-small-768x1024.png\" alt=\"\" data-id=\"4942\" data-full-url=\"http:\/\/lacooperativechoregraphique.org\/wp-content\/uploads\/2020\/09\/DINER-FLORA-PILET-2-small.png\" data-link=\"http:\/\/lacooperativechoregraphique.org\/diner-flora-pilet-2-small\/\" class=\"wp-image-4942\" srcset=\"https:\/\/lacooperativechoregraphique.org\/wp-content\/uploads\/2020\/09\/DINER-FLORA-PILET-2-small-768x1024.png 768w, https:\/\/lacooperativechoregraphique.org\/wp-content\/uploads\/2020\/09\/DINER-FLORA-PILET-2-small-225x300.png 225w, https:\/\/lacooperativechoregraphique.org\/wp-content\/uploads\/2020\/09\/DINER-FLORA-PILET-2-small.png 780w\" sizes=\"auto, (max-width: 768px) 100vw, 768px\" \/><\/figure><\/li><li class=\"blocks-gallery-item\"><figure><img loading=\"lazy\" decoding=\"async\" width=\"1024\" height=\"768\" src=\"http:\/\/lacooperativechoregraphique.org\/wp-content\/uploads\/2020\/09\/DINER-FLORA-PILET-1-small-1024x768.png\" alt=\"\" data-id=\"4941\" data-full-url=\"http:\/\/lacooperativechoregraphique.org\/wp-content\/uploads\/2020\/09\/DINER-FLORA-PILET-1-small.png\" data-link=\"http:\/\/lacooperativechoregraphique.org\/diner-flora-pilet-1-small\/\" class=\"wp-image-4941\" srcset=\"https:\/\/lacooperativechoregraphique.org\/wp-content\/uploads\/2020\/09\/DINER-FLORA-PILET-1-small-1024x768.png 1024w, https:\/\/lacooperativechoregraphique.org\/wp-content\/uploads\/2020\/09\/DINER-FLORA-PILET-1-small-300x225.png 300w, https:\/\/lacooperativechoregraphique.org\/wp-content\/uploads\/2020\/09\/DINER-FLORA-PILET-1-small-768x576.png 768w, https:\/\/lacooperativechoregraphique.org\/wp-content\/uploads\/2020\/09\/DINER-FLORA-PILET-1-small.png 1040w\" sizes=\"auto, (max-width: 1024px) 100vw, 1024px\" \/><\/figure><\/li><\/ul><figcaption class=\"blocks-gallery-caption\">DINER SAMEDI SOIR<br><\/figcaption><\/figure>\n\n\n\n<h4 class=\"has-text-align-center wp-block-heading\">DIMANCHE 20 SEPTEMBRE<\/h4>\n\n\n\n<figure class=\"wp-block-gallery aligncenter columns-3 is-cropped wp-block-gallery-14 is-layout-flex wp-block-gallery-is-layout-flex\"><ul class=\"blocks-gallery-grid\"><li class=\"blocks-gallery-item\"><figure><img loading=\"lazy\" decoding=\"async\" width=\"768\" height=\"1024\" src=\"http:\/\/lacooperativechoregraphique.org\/wp-content\/uploads\/2020\/09\/RITUEL-DE-L-OBSCUR-NOESIS-FLORA-PILET-small-768x1024.png\" alt=\"\" data-id=\"4973\" data-full-url=\"http:\/\/lacooperativechoregraphique.org\/wp-content\/uploads\/2020\/09\/RITUEL-DE-L-OBSCUR-NOESIS-FLORA-PILET-small.png\" data-link=\"http:\/\/lacooperativechoregraphique.org\/rituel-de-l-obscur-noesis-flora-pilet-small\/\" class=\"wp-image-4973\" srcset=\"https:\/\/lacooperativechoregraphique.org\/wp-content\/uploads\/2020\/09\/RITUEL-DE-L-OBSCUR-NOESIS-FLORA-PILET-small-768x1024.png 768w, https:\/\/lacooperativechoregraphique.org\/wp-content\/uploads\/2020\/09\/RITUEL-DE-L-OBSCUR-NOESIS-FLORA-PILET-small-225x300.png 225w, https:\/\/lacooperativechoregraphique.org\/wp-content\/uploads\/2020\/09\/RITUEL-DE-L-OBSCUR-NOESIS-FLORA-PILET-small.png 780w\" sizes=\"auto, (max-width: 768px) 100vw, 768px\" \/><\/figure><\/li><li class=\"blocks-gallery-item\"><figure><img loading=\"lazy\" decoding=\"async\" width=\"1024\" height=\"768\" src=\"http:\/\/lacooperativechoregraphique.org\/wp-content\/uploads\/2020\/09\/RITUEL-DE-L-OBSCUR-NOESIS-FLORA-PILET-2-small-1024x768.png\" alt=\"\" data-id=\"4972\" data-full-url=\"http:\/\/lacooperativechoregraphique.org\/wp-content\/uploads\/2020\/09\/RITUEL-DE-L-OBSCUR-NOESIS-FLORA-PILET-2-small.png\" data-link=\"http:\/\/lacooperativechoregraphique.org\/rituel-de-l-obscur-noesis-flora-pilet-2-small\/\" class=\"wp-image-4972\" srcset=\"https:\/\/lacooperativechoregraphique.org\/wp-content\/uploads\/2020\/09\/RITUEL-DE-L-OBSCUR-NOESIS-FLORA-PILET-2-small-1024x768.png 1024w, https:\/\/lacooperativechoregraphique.org\/wp-content\/uploads\/2020\/09\/RITUEL-DE-L-OBSCUR-NOESIS-FLORA-PILET-2-small-300x225.png 300w, https:\/\/lacooperativechoregraphique.org\/wp-content\/uploads\/2020\/09\/RITUEL-DE-L-OBSCUR-NOESIS-FLORA-PILET-2-small-768x576.png 768w, https:\/\/lacooperativechoregraphique.org\/wp-content\/uploads\/2020\/09\/RITUEL-DE-L-OBSCUR-NOESIS-FLORA-PILET-2-small.png 1040w\" sizes=\"auto, (max-width: 1024px) 100vw, 1024px\" \/><\/figure><\/li><li class=\"blocks-gallery-item\"><figure><img loading=\"lazy\" decoding=\"async\" width=\"1024\" height=\"768\" src=\"http:\/\/lacooperativechoregraphique.org\/wp-content\/uploads\/2020\/09\/RITUEL-DE-L-OBSCUR-NOESIS-FLORA-PILET-1-small-1024x768.png\" alt=\"\" data-id=\"4971\" data-full-url=\"http:\/\/lacooperativechoregraphique.org\/wp-content\/uploads\/2020\/09\/RITUEL-DE-L-OBSCUR-NOESIS-FLORA-PILET-1-small.png\" data-link=\"http:\/\/lacooperativechoregraphique.org\/rituel-de-l-obscur-noesis-flora-pilet-1-small\/\" class=\"wp-image-4971\" srcset=\"https:\/\/lacooperativechoregraphique.org\/wp-content\/uploads\/2020\/09\/RITUEL-DE-L-OBSCUR-NOESIS-FLORA-PILET-1-small-1024x768.png 1024w, https:\/\/lacooperativechoregraphique.org\/wp-content\/uploads\/2020\/09\/RITUEL-DE-L-OBSCUR-NOESIS-FLORA-PILET-1-small-300x225.png 300w, https:\/\/lacooperativechoregraphique.org\/wp-content\/uploads\/2020\/09\/RITUEL-DE-L-OBSCUR-NOESIS-FLORA-PILET-1-small-768x576.png 768w, https:\/\/lacooperativechoregraphique.org\/wp-content\/uploads\/2020\/09\/RITUEL-DE-L-OBSCUR-NOESIS-FLORA-PILET-1-small.png 1040w\" sizes=\"auto, (max-width: 1024px) 100vw, 1024px\" \/><\/figure><\/li><li class=\"blocks-gallery-item\"><figure><img loading=\"lazy\" decoding=\"async\" width=\"1024\" height=\"572\" src=\"http:\/\/lacooperativechoregraphique.org\/wp-content\/uploads\/2020\/09\/rituel-de-l-obscur-1-1024x572.png\" alt=\"\" data-id=\"4985\" data-full-url=\"http:\/\/lacooperativechoregraphique.org\/wp-content\/uploads\/2020\/09\/rituel-de-l-obscur-1.png\" data-link=\"http:\/\/lacooperativechoregraphique.org\/?attachment_id=4985\" class=\"wp-image-4985\" srcset=\"https:\/\/lacooperativechoregraphique.org\/wp-content\/uploads\/2020\/09\/rituel-de-l-obscur-1-1024x572.png 1024w, https:\/\/lacooperativechoregraphique.org\/wp-content\/uploads\/2020\/09\/rituel-de-l-obscur-1-300x168.png 300w, https:\/\/lacooperativechoregraphique.org\/wp-content\/uploads\/2020\/09\/rituel-de-l-obscur-1-768x429.png 768w, https:\/\/lacooperativechoregraphique.org\/wp-content\/uploads\/2020\/09\/rituel-de-l-obscur-1-1536x858.png 1536w, https:\/\/lacooperativechoregraphique.org\/wp-content\/uploads\/2020\/09\/rituel-de-l-obscur-1.png 1682w\" sizes=\"auto, (max-width: 1024px) 100vw, 1024px\" \/><\/figure><\/li><\/ul><figcaption class=\"blocks-gallery-caption\">RITUEL DE L OBSCUR \/ Noesis &#8211; Flora Pilet<\/figcaption><\/figure>\n\n\n\n<figure class=\"wp-block-gallery columns-2 is-cropped wp-block-gallery-15 is-layout-flex wp-block-gallery-is-layout-flex\"><ul class=\"blocks-gallery-grid\"><li class=\"blocks-gallery-item\"><figure><img loading=\"lazy\" decoding=\"async\" width=\"1024\" height=\"768\" src=\"http:\/\/lacooperativechoregraphique.org\/wp-content\/uploads\/2020\/09\/SOUDRE-MOI-PEAU-FLORA-PILET-1-small-1-1024x768.png\" alt=\"\" data-id=\"4986\" data-full-url=\"http:\/\/lacooperativechoregraphique.org\/wp-content\/uploads\/2020\/09\/SOUDRE-MOI-PEAU-FLORA-PILET-1-small-1.png\" data-link=\"http:\/\/lacooperativechoregraphique.org\/?attachment_id=4986\" class=\"wp-image-4986\" srcset=\"https:\/\/lacooperativechoregraphique.org\/wp-content\/uploads\/2020\/09\/SOUDRE-MOI-PEAU-FLORA-PILET-1-small-1-1024x768.png 1024w, https:\/\/lacooperativechoregraphique.org\/wp-content\/uploads\/2020\/09\/SOUDRE-MOI-PEAU-FLORA-PILET-1-small-1-300x225.png 300w, https:\/\/lacooperativechoregraphique.org\/wp-content\/uploads\/2020\/09\/SOUDRE-MOI-PEAU-FLORA-PILET-1-small-1-768x576.png 768w, https:\/\/lacooperativechoregraphique.org\/wp-content\/uploads\/2020\/09\/SOUDRE-MOI-PEAU-FLORA-PILET-1-small-1.png 1040w\" sizes=\"auto, (max-width: 1024px) 100vw, 1024px\" \/><\/figure><\/li><li class=\"blocks-gallery-item\"><figure><img loading=\"lazy\" decoding=\"async\" width=\"1024\" height=\"768\" src=\"http:\/\/lacooperativechoregraphique.org\/wp-content\/uploads\/2020\/09\/SOUDRE-MOI-PEAU-FLORA-PILET-2-small-1-1024x768.png\" alt=\"\" data-id=\"4987\" data-full-url=\"http:\/\/lacooperativechoregraphique.org\/wp-content\/uploads\/2020\/09\/SOUDRE-MOI-PEAU-FLORA-PILET-2-small-1.png\" data-link=\"http:\/\/lacooperativechoregraphique.org\/?attachment_id=4987\" class=\"wp-image-4987\" srcset=\"https:\/\/lacooperativechoregraphique.org\/wp-content\/uploads\/2020\/09\/SOUDRE-MOI-PEAU-FLORA-PILET-2-small-1-1024x768.png 1024w, https:\/\/lacooperativechoregraphique.org\/wp-content\/uploads\/2020\/09\/SOUDRE-MOI-PEAU-FLORA-PILET-2-small-1-300x225.png 300w, https:\/\/lacooperativechoregraphique.org\/wp-content\/uploads\/2020\/09\/SOUDRE-MOI-PEAU-FLORA-PILET-2-small-1-768x576.png 768w, https:\/\/lacooperativechoregraphique.org\/wp-content\/uploads\/2020\/09\/SOUDRE-MOI-PEAU-FLORA-PILET-2-small-1.png 1040w\" sizes=\"auto, (max-width: 1024px) 100vw, 1024px\" \/><\/figure><\/li><\/ul><figcaption class=\"blocks-gallery-caption\">SOURDRE \/ Moi Peau &#8211; S\u00e9bastien Laurent<br><\/figcaption><\/figure>\n\n\n\n<figure class=\"wp-block-gallery aligncenter columns-1 is-cropped wp-block-gallery-16 is-layout-flex wp-block-gallery-is-layout-flex\"><ul class=\"blocks-gallery-grid\"><li class=\"blocks-gallery-item\"><figure><img loading=\"lazy\" decoding=\"async\" width=\"768\" height=\"1024\" src=\"http:\/\/lacooperativechoregraphique.org\/wp-content\/uploads\/2020\/09\/TOPOS-LES-CHRONOPHAGES-FLORA-PILET-768x1024.jpg\" alt=\"\" data-id=\"4988\" data-full-url=\"http:\/\/lacooperativechoregraphique.org\/wp-content\/uploads\/2020\/09\/TOPOS-LES-CHRONOPHAGES-FLORA-PILET-scaled.jpg\" data-link=\"http:\/\/lacooperativechoregraphique.org\/?attachment_id=4988\" class=\"wp-image-4988\" srcset=\"https:\/\/lacooperativechoregraphique.org\/wp-content\/uploads\/2020\/09\/TOPOS-LES-CHRONOPHAGES-FLORA-PILET-768x1024.jpg 768w, https:\/\/lacooperativechoregraphique.org\/wp-content\/uploads\/2020\/09\/TOPOS-LES-CHRONOPHAGES-FLORA-PILET-225x300.jpg 225w, https:\/\/lacooperativechoregraphique.org\/wp-content\/uploads\/2020\/09\/TOPOS-LES-CHRONOPHAGES-FLORA-PILET-1152x1536.jpg 1152w, https:\/\/lacooperativechoregraphique.org\/wp-content\/uploads\/2020\/09\/TOPOS-LES-CHRONOPHAGES-FLORA-PILET-1536x2048.jpg 1536w, https:\/\/lacooperativechoregraphique.org\/wp-content\/uploads\/2020\/09\/TOPOS-LES-CHRONOPHAGES-FLORA-PILET-scaled.jpg 1920w\" sizes=\"auto, (max-width: 768px) 100vw, 768px\" \/><\/figure><\/li><\/ul><figcaption class=\"blocks-gallery-caption\">TOPOS \/ Les Chronophages &#8211; Oph\u00e9lie Brunet<br><\/figcaption><\/figure>\n\n\n\n<figure class=\"wp-block-gallery aligncenter columns-1 is-cropped wp-block-gallery-17 is-layout-flex wp-block-gallery-is-layout-flex\"><ul class=\"blocks-gallery-grid\"><li class=\"blocks-gallery-item\"><figure><img loading=\"lazy\" decoding=\"async\" width=\"768\" height=\"1024\" src=\"http:\/\/lacooperativechoregraphique.org\/wp-content\/uploads\/2020\/09\/ZAKAHOUM-ETEILE-FLORA-PILET-768x1024.jpg\" alt=\"\" data-id=\"4990\" data-full-url=\"http:\/\/lacooperativechoregraphique.org\/wp-content\/uploads\/2020\/09\/ZAKAHOUM-ETEILE-FLORA-PILET-scaled.jpg\" data-link=\"http:\/\/lacooperativechoregraphique.org\/?attachment_id=4990\" class=\"wp-image-4990\" srcset=\"https:\/\/lacooperativechoregraphique.org\/wp-content\/uploads\/2020\/09\/ZAKAHOUM-ETEILE-FLORA-PILET-768x1024.jpg 768w, https:\/\/lacooperativechoregraphique.org\/wp-content\/uploads\/2020\/09\/ZAKAHOUM-ETEILE-FLORA-PILET-225x300.jpg 225w, https:\/\/lacooperativechoregraphique.org\/wp-content\/uploads\/2020\/09\/ZAKAHOUM-ETEILE-FLORA-PILET-1152x1536.jpg 1152w, https:\/\/lacooperativechoregraphique.org\/wp-content\/uploads\/2020\/09\/ZAKAHOUM-ETEILE-FLORA-PILET-1536x2048.jpg 1536w, https:\/\/lacooperativechoregraphique.org\/wp-content\/uploads\/2020\/09\/ZAKAHOUM-ETEILE-FLORA-PILET-scaled.jpg 1920w\" sizes=\"auto, (max-width: 768px) 100vw, 768px\" \/><\/figure><\/li><\/ul><figcaption class=\"blocks-gallery-caption\">ZAKAHOUM ! \/ Cie Eteile &#8211; Elsa Deslandes<\/figcaption><\/figure>\n\n\n\n<figure class=\"wp-block-gallery aligncenter columns-1 is-cropped wp-block-gallery-18 is-layout-flex wp-block-gallery-is-layout-flex\"><ul class=\"blocks-gallery-grid\"><li class=\"blocks-gallery-item\"><figure><img loading=\"lazy\" decoding=\"async\" width=\"1024\" height=\"768\" src=\"http:\/\/lacooperativechoregraphique.org\/wp-content\/uploads\/2020\/09\/PARABELLUM-ERIKA-ZUENELLI-FLORA-PILET-1024x768.jpg\" alt=\"\" data-id=\"4993\" data-full-url=\"http:\/\/lacooperativechoregraphique.org\/wp-content\/uploads\/2020\/09\/PARABELLUM-ERIKA-ZUENELLI-FLORA-PILET-scaled.jpg\" data-link=\"http:\/\/lacooperativechoregraphique.org\/parabellum-erika-zuenelli-flora-pilet\/\" class=\"wp-image-4993\" srcset=\"https:\/\/lacooperativechoregraphique.org\/wp-content\/uploads\/2020\/09\/PARABELLUM-ERIKA-ZUENELLI-FLORA-PILET-1024x768.jpg 1024w, https:\/\/lacooperativechoregraphique.org\/wp-content\/uploads\/2020\/09\/PARABELLUM-ERIKA-ZUENELLI-FLORA-PILET-300x225.jpg 300w, https:\/\/lacooperativechoregraphique.org\/wp-content\/uploads\/2020\/09\/PARABELLUM-ERIKA-ZUENELLI-FLORA-PILET-768x576.jpg 768w, https:\/\/lacooperativechoregraphique.org\/wp-content\/uploads\/2020\/09\/PARABELLUM-ERIKA-ZUENELLI-FLORA-PILET-1536x1152.jpg 1536w, https:\/\/lacooperativechoregraphique.org\/wp-content\/uploads\/2020\/09\/PARABELLUM-ERIKA-ZUENELLI-FLORA-PILET-2048x1536.jpg 2048w\" sizes=\"auto, (max-width: 1024px) 100vw, 1024px\" \/><\/figure><\/li><\/ul><figcaption class=\"blocks-gallery-caption\">PARABELLUM \/ Cie L&rsquo;Yeuse &#8211; Erika Zuenelli<\/figcaption><\/figure>\n\n\n\n<figure class=\"wp-block-gallery aligncenter columns-3 is-cropped wp-block-gallery-19 is-layout-flex wp-block-gallery-is-layout-flex\"><ul class=\"blocks-gallery-grid\"><li class=\"blocks-gallery-item\"><figure><img loading=\"lazy\" decoding=\"async\" width=\"1024\" height=\"768\" src=\"http:\/\/lacooperativechoregraphique.org\/wp-content\/uploads\/2020\/09\/SACCADIT-OLIVIER-RENOUF-FLORA-PILET-3-small-1024x768.png\" alt=\"\" data-id=\"4976\" data-full-url=\"http:\/\/lacooperativechoregraphique.org\/wp-content\/uploads\/2020\/09\/SACCADIT-OLIVIER-RENOUF-FLORA-PILET-3-small.png\" data-link=\"http:\/\/lacooperativechoregraphique.org\/saccadit-olivier-renouf-flora-pilet-3-small\/\" class=\"wp-image-4976\" srcset=\"https:\/\/lacooperativechoregraphique.org\/wp-content\/uploads\/2020\/09\/SACCADIT-OLIVIER-RENOUF-FLORA-PILET-3-small-1024x768.png 1024w, https:\/\/lacooperativechoregraphique.org\/wp-content\/uploads\/2020\/09\/SACCADIT-OLIVIER-RENOUF-FLORA-PILET-3-small-300x225.png 300w, https:\/\/lacooperativechoregraphique.org\/wp-content\/uploads\/2020\/09\/SACCADIT-OLIVIER-RENOUF-FLORA-PILET-3-small-768x576.png 768w, https:\/\/lacooperativechoregraphique.org\/wp-content\/uploads\/2020\/09\/SACCADIT-OLIVIER-RENOUF-FLORA-PILET-3-small.png 1040w\" sizes=\"auto, (max-width: 1024px) 100vw, 1024px\" \/><\/figure><\/li><li class=\"blocks-gallery-item\"><figure><img loading=\"lazy\" decoding=\"async\" width=\"768\" height=\"1024\" src=\"http:\/\/lacooperativechoregraphique.org\/wp-content\/uploads\/2020\/09\/SACCADIT-OLIVIER-RENOUF-FLORA-PILET-2-small-768x1024.png\" alt=\"\" data-id=\"4975\" data-full-url=\"http:\/\/lacooperativechoregraphique.org\/wp-content\/uploads\/2020\/09\/SACCADIT-OLIVIER-RENOUF-FLORA-PILET-2-small.png\" data-link=\"http:\/\/lacooperativechoregraphique.org\/saccadit-olivier-renouf-flora-pilet-2-small\/\" class=\"wp-image-4975\" srcset=\"https:\/\/lacooperativechoregraphique.org\/wp-content\/uploads\/2020\/09\/SACCADIT-OLIVIER-RENOUF-FLORA-PILET-2-small-768x1024.png 768w, https:\/\/lacooperativechoregraphique.org\/wp-content\/uploads\/2020\/09\/SACCADIT-OLIVIER-RENOUF-FLORA-PILET-2-small-225x300.png 225w, https:\/\/lacooperativechoregraphique.org\/wp-content\/uploads\/2020\/09\/SACCADIT-OLIVIER-RENOUF-FLORA-PILET-2-small.png 780w\" sizes=\"auto, (max-width: 768px) 100vw, 768px\" \/><\/figure><\/li><li class=\"blocks-gallery-item\"><figure><img loading=\"lazy\" decoding=\"async\" width=\"1024\" height=\"768\" src=\"http:\/\/lacooperativechoregraphique.org\/wp-content\/uploads\/2020\/09\/SACCADIT-OLIVIER-RENOUF-FLORA-PILET-1-small-1024x768.png\" alt=\"\" data-id=\"4974\" data-full-url=\"http:\/\/lacooperativechoregraphique.org\/wp-content\/uploads\/2020\/09\/SACCADIT-OLIVIER-RENOUF-FLORA-PILET-1-small.png\" data-link=\"http:\/\/lacooperativechoregraphique.org\/saccadit-olivier-renouf-flora-pilet-1-small\/\" class=\"wp-image-4974\" srcset=\"https:\/\/lacooperativechoregraphique.org\/wp-content\/uploads\/2020\/09\/SACCADIT-OLIVIER-RENOUF-FLORA-PILET-1-small-1024x768.png 1024w, https:\/\/lacooperativechoregraphique.org\/wp-content\/uploads\/2020\/09\/SACCADIT-OLIVIER-RENOUF-FLORA-PILET-1-small-300x225.png 300w, https:\/\/lacooperativechoregraphique.org\/wp-content\/uploads\/2020\/09\/SACCADIT-OLIVIER-RENOUF-FLORA-PILET-1-small-768x576.png 768w, https:\/\/lacooperativechoregraphique.org\/wp-content\/uploads\/2020\/09\/SACCADIT-OLIVIER-RENOUF-FLORA-PILET-1-small.png 1040w\" sizes=\"auto, (max-width: 1024px) 100vw, 1024px\" \/><\/figure><\/li><\/ul><figcaption class=\"blocks-gallery-caption\">SACCADIT OU LE CHEVALIER INEXISTANT \/ Cie L&rsquo;Yeuse &#8211; Olivier Renouf<\/figcaption><\/figure>\n\n\n\n<div class=\"wp-block-image\"><figure class=\"aligncenter size-large\"><img loading=\"lazy\" decoding=\"async\" width=\"768\" height=\"1024\" src=\"http:\/\/lacooperativechoregraphique.org\/wp-content\/uploads\/2020\/09\/ETTORE-LABBATE-FLORA-PILET-768x1024.jpg\" alt=\"\" class=\"wp-image-4992\" srcset=\"https:\/\/lacooperativechoregraphique.org\/wp-content\/uploads\/2020\/09\/ETTORE-LABBATE-FLORA-PILET-768x1024.jpg 768w, https:\/\/lacooperativechoregraphique.org\/wp-content\/uploads\/2020\/09\/ETTORE-LABBATE-FLORA-PILET-225x300.jpg 225w, https:\/\/lacooperativechoregraphique.org\/wp-content\/uploads\/2020\/09\/ETTORE-LABBATE-FLORA-PILET-1152x1536.jpg 1152w, https:\/\/lacooperativechoregraphique.org\/wp-content\/uploads\/2020\/09\/ETTORE-LABBATE-FLORA-PILET-1536x2048.jpg 1536w, https:\/\/lacooperativechoregraphique.org\/wp-content\/uploads\/2020\/09\/ETTORE-LABBATE-FLORA-PILET-scaled.jpg 1920w\" sizes=\"auto, (max-width: 768px) 100vw, 768px\" \/><figcaption>CONCERT DE GUITARE CLASSIQUE \/ Ettore Labbate<\/figcaption><\/figure><\/div>\n","protected":false},"excerpt":{"rendered":"<p>\u00c9DITION # 1 Vous avez \u00e9t\u00e9 tr\u00e8s nombreux \u00e0 venir pour cette premi\u00e8re \u00e9dition, merci \u00e0 vous! Merci aux artistes qui ont accept\u00e9 d&rsquo;offrir leur univers artistique au public. Merci \u00e0 la ville de Caen et au Centre Chor\u00e9graphique National de Caen en Normandie pour leur soutien ! RENDEZ-VOUS L\u2019ANN\u00c9E PROCHAINE ! RETOUR EN IMAGES&hellip; <a class=\"more-link\" href=\"https:\/\/lacooperativechoregraphique.org\/index.php\/edition-1\/\">Poursuivre la lecture <span class=\"screen-reader-text\">EDITION #1<\/span><\/a><\/p>\n","protected":false},"author":1,"featured_media":0,"parent":0,"menu_order":0,"comment_status":"closed","ping_status":"closed","template":"","meta":{"footnotes":""},"class_list":["post-4981","page","type-page","status-publish","hentry","entry"],"_links":{"self":[{"href":"https:\/\/lacooperativechoregraphique.org\/index.php\/wp-json\/wp\/v2\/pages\/4981","targetHints":{"allow":["GET"]}}],"collection":[{"href":"https:\/\/lacooperativechoregraphique.org\/index.php\/wp-json\/wp\/v2\/pages"}],"about":[{"href":"https:\/\/lacooperativechoregraphique.org\/index.php\/wp-json\/wp\/v2\/types\/page"}],"author":[{"embeddable":true,"href":"https:\/\/lacooperativechoregraphique.org\/index.php\/wp-json\/wp\/v2\/users\/1"}],"replies":[{"embeddable":true,"href":"https:\/\/lacooperativechoregraphique.org\/index.php\/wp-json\/wp\/v2\/comments?post=4981"}],"version-history":[{"count":6,"href":"https:\/\/lacooperativechoregraphique.org\/index.php\/wp-json\/wp\/v2\/pages\/4981\/revisions"}],"predecessor-version":[{"id":5048,"href":"https:\/\/lacooperativechoregraphique.org\/index.php\/wp-json\/wp\/v2\/pages\/4981\/revisions\/5048"}],"wp:attachment":[{"href":"https:\/\/lacooperativechoregraphique.org\/index.php\/wp-json\/wp\/v2\/media?parent=4981"}],"curies":[{"name":"wp","href":"https:\/\/api.w.org\/{rel}","templated":true}]}}