{"id":4761,"date":"2020-09-08T12:17:49","date_gmt":"2020-09-08T10:17:49","guid":{"rendered":"http:\/\/lacooperativechoregraphique.org\/?page_id=4761"},"modified":"2020-09-09T19:05:48","modified_gmt":"2020-09-09T17:05:48","slug":"rituel-de-l-obscur","status":"publish","type":"page","link":"https:\/\/lacooperativechoregraphique.org\/index.php\/rituel-de-l-obscur\/","title":{"rendered":"RITUEL DE L OBSCUR \/ Noesis &#8211; Flora Pilet"},"content":{"rendered":"\n<figure class=\"wp-block-image size-large\"><img loading=\"lazy\" decoding=\"async\" width=\"602\" height=\"604\" src=\"http:\/\/lacooperativechoregraphique.org\/wp-content\/uploads\/2020\/09\/2c406c32-85d8-47ee-864b-66bc2d1ff09c-1.png\" alt=\"\" class=\"wp-image-4725\" srcset=\"https:\/\/lacooperativechoregraphique.org\/wp-content\/uploads\/2020\/09\/2c406c32-85d8-47ee-864b-66bc2d1ff09c-1.png 602w, https:\/\/lacooperativechoregraphique.org\/wp-content\/uploads\/2020\/09\/2c406c32-85d8-47ee-864b-66bc2d1ff09c-1-300x300.png 300w, https:\/\/lacooperativechoregraphique.org\/wp-content\/uploads\/2020\/09\/2c406c32-85d8-47ee-864b-66bc2d1ff09c-1-150x150.png 150w\" sizes=\"auto, (max-width: 602px) 100vw, 602px\" \/><\/figure>\n\n\n\n<p> <\/p>\n\n\n\n<p>Le rituel de l\u2019obscur est n\u00e9 pendant le confinement \u00e0 l\u2019initiative de Flora Pilet, inspir\u00e9e par la lecture du livre de  la sorci\u00e8re n\u00e9o-pa\u00efenne et militante \u00e9co-f\u00e9ministe Starhawk, <em>R\u00eaver  l\u2019obscur.<\/em>&nbsp;  Renouant avec la pens\u00e9e magique du rituel et sa capacit\u00e9 \u00e0 venir renforcer ce que Starhawk nomme,<em> le pouvoir du  dedans<\/em>, le rituel de l\u2019obscur est au d\u00e9part une proposition de reliance \u00e0 distance \u00e0 travers la danse pendant cinq minutes tous les jours \u00e0 11h. Ceci, dans une intention de renouer avec une \u00e9nergie po\u00e9tique et cr\u00e9ative dans un contexte particuli\u00e8rement anxiog\u00e8ne. <\/p>\n\n\n\n<p>A la sortie du confinement, cette pratique est devenue un terrain d\u2019exploration de la ville, interrogeant ainsi la place  du corps dans un\u00a0 milieu urbain, les limites, les emp\u00eachements  et les libert\u00e9s que l\u2019on s\u2019y autorise pour soi-m\u00eame ou donn\u00e9es par l\u2019ext\u00e9rieur.<br> La forme continue d\u2019\u00e9voluer selon les envies des membres du cercle.   <\/p>\n\n\n\n<p>Pour ouvrir le festival MORPHO le 19 et le 20 septembre, la chor\u00e9graphe Flora Pilet propose un rituel de l&rsquo;obscur dans les jardins du S\u00e9pulcre.       <\/p>\n\n\n\n<p>Ce moment est ouvert \u00e0 tous, aucun pr\u00e9requis n\u2019est n\u00e9cessaire  si ce n\u2019est celui de partager un moment de danse tous ensemble.                                     La proposition pour le festival est de se relier avec une intention commune et de r\u00e9aliser une grande improvisation collective sur tout le site du S\u00e9pulcre. <\/p>\n\n\n\n<p>Apr\u00e8s un temps d&rsquo;\u00e9chauffement et de conscientisation corporelle, chacun sera invit\u00e9 \u00e0 d\u00e9poser par \u00e9crit ou toutes formes de traces sa r\u00e9ponse \u00e0 cette question: \u00ab\u00a0Qu\u2019est-ce que je veux transformer&nbsp;? \u00a0\u00bb     <\/p>\n\n\n\n<p>Charg\u00e9s de nos r\u00e9ponses, nous nous disperserons dans les jardins du S\u00e9pulcre pour improviser durant 5 min.<\/p>\n\n\n\n<p> Les r\u00e9ponses seront suspendues sur des fils dans les jardins du S\u00e9pulcre <\/p>\n\n\n\n<p>Dur\u00e9e totale du rituel : 30min<\/p>\n\n\n\n<p><br><strong>Inscriptions : <a rel=\"noreferrer noopener\" href=\"mailto:noesis@cie-noesis.org?subject=Inscriptions%20Rituel%20de%20l'obscur\" target=\"_blank\">noesis@cie-noesis.org<\/a><\/strong><\/p>\n","protected":false},"excerpt":{"rendered":"<p>Le rituel de l\u2019obscur est n\u00e9 pendant le confinement \u00e0 l\u2019initiative de Flora Pilet, inspir\u00e9e par la lecture du livre de la sorci\u00e8re n\u00e9o-pa\u00efenne et militante \u00e9co-f\u00e9ministe Starhawk, R\u00eaver l\u2019obscur.&nbsp; Renouant avec la pens\u00e9e magique du rituel et sa capacit\u00e9 \u00e0 venir renforcer ce que Starhawk nomme, le pouvoir du dedans, le rituel de l\u2019obscur&hellip; <a class=\"more-link\" href=\"https:\/\/lacooperativechoregraphique.org\/index.php\/rituel-de-l-obscur\/\">Poursuivre la lecture <span class=\"screen-reader-text\">RITUEL DE L OBSCUR \/ Noesis &#8211; Flora Pilet<\/span><\/a><\/p>\n","protected":false},"author":1,"featured_media":0,"parent":0,"menu_order":0,"comment_status":"closed","ping_status":"closed","template":"","meta":{"footnotes":""},"class_list":["post-4761","page","type-page","status-publish","hentry","entry"],"_links":{"self":[{"href":"https:\/\/lacooperativechoregraphique.org\/index.php\/wp-json\/wp\/v2\/pages\/4761","targetHints":{"allow":["GET"]}}],"collection":[{"href":"https:\/\/lacooperativechoregraphique.org\/index.php\/wp-json\/wp\/v2\/pages"}],"about":[{"href":"https:\/\/lacooperativechoregraphique.org\/index.php\/wp-json\/wp\/v2\/types\/page"}],"author":[{"embeddable":true,"href":"https:\/\/lacooperativechoregraphique.org\/index.php\/wp-json\/wp\/v2\/users\/1"}],"replies":[{"embeddable":true,"href":"https:\/\/lacooperativechoregraphique.org\/index.php\/wp-json\/wp\/v2\/comments?post=4761"}],"version-history":[{"count":4,"href":"https:\/\/lacooperativechoregraphique.org\/index.php\/wp-json\/wp\/v2\/pages\/4761\/revisions"}],"predecessor-version":[{"id":4873,"href":"https:\/\/lacooperativechoregraphique.org\/index.php\/wp-json\/wp\/v2\/pages\/4761\/revisions\/4873"}],"wp:attachment":[{"href":"https:\/\/lacooperativechoregraphique.org\/index.php\/wp-json\/wp\/v2\/media?parent=4761"}],"curies":[{"name":"wp","href":"https:\/\/api.w.org\/{rel}","templated":true}]}}