{"id":4673,"date":"2020-09-05T16:53:23","date_gmt":"2020-09-05T14:53:23","guid":{"rendered":"http:\/\/lacooperativechoregraphique.org\/?page_id=4673"},"modified":"2020-09-07T19:04:21","modified_gmt":"2020-09-07T17:04:21","slug":"morpho-festival-2020-programme-complet","status":"publish","type":"page","link":"http:\/\/lacooperativechoregraphique.org\/index.php\/morpho-festival-2020-programme-complet\/","title":{"rendered":"MORPHO FESTIVAL 2020 &#8211; PROGRAMME COMPLET"},"content":{"rendered":"\n<div class=\"wp-block-image\"><figure class=\"aligncenter size-large is-resized\"><img loading=\"lazy\" decoding=\"async\" src=\"http:\/\/lacooperativechoregraphique.org\/wp-content\/uploads\/2020\/07\/Morpho_didius_Male_Dos_MHNT-1024x765.jpg\" alt=\"\" class=\"wp-image-4323\" width=\"310\" height=\"232\"\/><\/figure><\/div>\n\n\n\n<h3 class=\"wp-block-heading\"><strong> VENDREDI 18 SEPTEMBRE<\/strong><\/h3>\n\n\n\n<p><strong>18h30&nbsp;: BUFFET D&rsquo;OUVERTURE &amp; INAUGURATION<\/strong><\/p>\n\n\n\n<p><strong>19h30&nbsp;: Pi\u00e8ce &#8211; \u00ab&nbsp;PORTRAITS&nbsp;\u00bb<\/strong>, Silenda, Damiano Foa (42&prime;)<\/p>\n\n\n\n<p><strong>21h00&nbsp;: Pi\u00e8ce &#8211; \u00ab&nbsp;FACES [pour Narcisse] \u00bb<\/strong>, Noesis, Alexandre Le Petit &amp; Flora Pilet (49&prime;)<\/p>\n\n\n\n<h3 class=\"wp-block-heading\"><strong>SAMEDI 19 SEPTEMBRE<\/strong><\/h3>\n\n\n\n<p><strong>14h00&nbsp;: <em>Rituel de L\u2019obscur #1<\/em><\/strong>, Noesis, Flora Pilet<\/p>\n\n\n\n<p><strong>14h15\u00a0: Performance \u00ab\u00a0Je te fais des bisous de ta part\u00a0\u00bb<\/strong>&#8211; Silenda, Laura Simi, travail chor\u00e9graphique avec les personnes de l\u2019ESSOR<\/p>\n\n\n\n<p> <strong>14h45\u00a0: Performance danse et batterie &#8211; \u00ab\u00a0MAZE# Les Fileuses\u00a0\u00bb<\/strong>, Chronophages, Oph\u00e9lie Brunet<\/p>\n\n\n\n<p><strong>15h15&nbsp;: Performance  &#8211; <\/strong>Ashley Chen<strong> \/\/ Concert saxophone <\/strong> Antoine Ulmann<\/p>\n\n\n\n<p><strong>16h00&nbsp;: Concert &#8211;<\/strong> <strong>solo d\u2019orgue \u00e0 eau<\/strong>, Bubu Pagier<\/p>\n\n\n\n<p><strong>16h45&nbsp;: Performance &#8211; \u00ab&nbsp;QUELQUES APPARENCES DU MILIEU DES CHOSES&nbsp;\u00bb<\/strong>, Annabelle Rosenow<\/p>\n\n\n\n<p><strong> 17h15 : Performance danse \u2013 \u00ab MAZE# Les P\u00e9trifi\u00e9es \u00bb<\/strong>, Chronophages, Oph\u00e9lie Brunet <\/p>\n\n\n\n<p><strong>17h45&nbsp;: Performance &#8211; \u00ab&nbsp;RESTER&nbsp;\u00bb<\/strong>, Marie D\u00e9soubeaux<\/p>\n\n\n\n<p><strong>18h30&nbsp;: Performance<\/strong> &#8211; travail chor\u00e9graphique r\u00e9alis\u00e9 avec la CIMADE et les personnes exil\u00e9es, Oph\u00e9lie Brunet, S\u00e9bastien Laurent, Flora Pilet &amp; Laura Simi<\/p>\n\n\n\n<p><strong>19h00 &gt; 22h00 : Restauration, bar, musique<\/strong><\/p>\n\n\n\n<h3 class=\"wp-block-heading\"><strong>DIMANCHE 20 SEPTEMBRE<\/strong><\/h3>\n\n\n\n<p><strong>14h00&nbsp;: <em>Rituel de L\u2019obscur #2<\/em><\/strong>, Noesis, Flora Pilet<\/p>\n\n\n\n<p><strong>14h15&nbsp;: Pi\u00e8ce jeune public &#8211; \u00ab&nbsp;SOURDRE&nbsp;\u00bb<\/strong>, Moi Peau, S\u00e9bastien Laurent<\/p>\n\n\n\n<p><strong>14h45&nbsp;: Performance &#8211; \u00ab&nbsp;TOPOS&nbsp;\u00bb,<\/strong> Chronophages, Oph\u00e9lie Brunet et Eliana Beltr\u00e0n<\/p>\n\n\n\n<p><strong>15h15&nbsp;: Pi\u00e8ce jeune public &#8211; \u00ab&nbsp;ZAKAOUM&nbsp;\u00bb<\/strong>, Eteile, Elsa Deslandes<\/p>\n\n\n\n<p><strong>16h00&nbsp;: Pi\u00e8ce jeune public &#8211; \u00ab&nbsp;VICTORINE&nbsp;\u00bb<\/strong>, Moi Peau, S\u00e9bastien Laurent <\/p>\n\n\n\n<p><strong>16h45&nbsp;: Performance &#8211; \u00ab\u00a0AD LIBITUM\u00a0\u00bb, <\/strong>Cie L&rsquo;Yeuse, Erika Zuenelli<\/p>\n\n\n\n<p><strong>17h45&nbsp;:<\/strong> <strong>Pi\u00e8ce jeune public &#8211; \u00ab\u00a0SACCADIT\u00a0\u00bb<\/strong>, Cie L&rsquo;Yeuse , Olivier Renouf <\/p>\n\n\n\n<p><strong>18h30&nbsp;: Concert &#8211; guitare classique<\/strong>, Ettore Labatte<\/p>\n","protected":false},"excerpt":{"rendered":"<p>VENDREDI 18 SEPTEMBRE 18h30&nbsp;: BUFFET D&rsquo;OUVERTURE &amp; INAUGURATION 19h30&nbsp;: Pi\u00e8ce &#8211; \u00ab&nbsp;PORTRAITS&nbsp;\u00bb, Silenda, Damiano Foa (42&prime;) 21h00&nbsp;: Pi\u00e8ce &#8211; \u00ab&nbsp;FACES [pour Narcisse] \u00bb, Noesis, Alexandre Le Petit &amp; Flora Pilet (49&prime;) SAMEDI 19 SEPTEMBRE 14h00&nbsp;: Rituel de L\u2019obscur #1, Noesis, Flora Pilet 14h15\u00a0: Performance \u00ab\u00a0Je te fais des bisous de ta part\u00a0\u00bb&#8211; Silenda, Laura Simi,&hellip; <a class=\"more-link\" href=\"http:\/\/lacooperativechoregraphique.org\/index.php\/morpho-festival-2020-programme-complet\/\">Poursuivre la lecture <span class=\"screen-reader-text\">MORPHO FESTIVAL 2020 &#8211; PROGRAMME COMPLET<\/span><\/a><\/p>\n","protected":false},"author":1,"featured_media":0,"parent":0,"menu_order":0,"comment_status":"closed","ping_status":"closed","template":"","meta":{"footnotes":""},"class_list":["post-4673","page","type-page","status-publish","hentry","entry"],"_links":{"self":[{"href":"http:\/\/lacooperativechoregraphique.org\/index.php\/wp-json\/wp\/v2\/pages\/4673","targetHints":{"allow":["GET"]}}],"collection":[{"href":"http:\/\/lacooperativechoregraphique.org\/index.php\/wp-json\/wp\/v2\/pages"}],"about":[{"href":"http:\/\/lacooperativechoregraphique.org\/index.php\/wp-json\/wp\/v2\/types\/page"}],"author":[{"embeddable":true,"href":"http:\/\/lacooperativechoregraphique.org\/index.php\/wp-json\/wp\/v2\/users\/1"}],"replies":[{"embeddable":true,"href":"http:\/\/lacooperativechoregraphique.org\/index.php\/wp-json\/wp\/v2\/comments?post=4673"}],"version-history":[{"count":19,"href":"http:\/\/lacooperativechoregraphique.org\/index.php\/wp-json\/wp\/v2\/pages\/4673\/revisions"}],"predecessor-version":[{"id":4714,"href":"http:\/\/lacooperativechoregraphique.org\/index.php\/wp-json\/wp\/v2\/pages\/4673\/revisions\/4714"}],"wp:attachment":[{"href":"http:\/\/lacooperativechoregraphique.org\/index.php\/wp-json\/wp\/v2\/media?parent=4673"}],"curies":[{"name":"wp","href":"https:\/\/api.w.org\/{rel}","templated":true}]}}